{"id":9952,"date":"2025-10-30T14:32:44","date_gmt":"2025-10-30T13:32:44","guid":{"rendered":"https:\/\/www.colours.cz\/ucinkujici\/katerina-marie-ticha-bandjeez-colours\/"},"modified":"2026-03-16T13:52:19","modified_gmt":"2026-03-16T12:52:19","slug":"katerina-marie-ticha-bandjeez-colours","status":"publish","type":"program","link":"https:\/\/www.colours.cz\/en\/ucinkujici\/katerina-marie-ticha-bandjeez-colours\/","title":{"rendered":"KATE\u0158INA MARIE TICH\u00c1 &amp; BANDJEEZ"},"content":{"rendered":"\n<figure class=\"wp-block-embed is-type-rich is-provider-spotify wp-block-embed-spotify wp-embed-aspect-21-9 wp-has-aspect-ratio\"><div class=\"wp-block-embed__wrapper\">\n<iframe title=\"Spotify Embed: Kate\u0159ina Marie Tich\u00e1\" style=\"border-radius: 12px\" width=\"100%\" height=\"352\" frameborder=\"0\" allowfullscreen allow=\"autoplay; clipboard-write; encrypted-media; fullscreen; picture-in-picture\" loading=\"lazy\" src=\"https:\/\/open.spotify.com\/embed\/artist\/0WGRcXFn2jyD7Jq6wIHv6O?si=mtr9tlZvRJKvNSFq5iSLHQ&#038;utm_source=oembed\"><\/iframe>\n<\/div><\/figure>\n\n\n\n<p>V n\u011bkom za\u017eehla Plamen a\u017e v posledn\u00edch dvou letech. N\u011bkdo ji sleduje u\u017e od debutu Sami v roce 2020. A najdou se jist\u011b i ti, kte\u0159\u00ed v n\u00ed rozpoznali talent po vyd\u00e1n\u00ed singlu Vzpom\u00ednej nebo po zhl\u00e9dnut\u00ed benefi\u010dn\u00edho vystoupen\u00ed Srdce pro d\u011bti. A\u0165 u\u017e jste poslucha\u010di tvorby Kate\u0159iny Marie Tich\u00e9 roky nebo jste jen zaslechli singl v r\u00e1diu, koncerty nab\u00edzej\u00ed zcela nov\u00fd pohled.<\/p>\n\n\n\n<figure class=\"wp-block-embed is-type-video is-provider-youtube wp-block-embed-youtube wp-embed-aspect-16-9 wp-has-aspect-ratio\"><div class=\"wp-block-embed__wrapper\">\n<iframe loading=\"lazy\" title=\"Kate\u0159ina Marie Tich\u00e1 a Bandjeez - Plamen\" width=\"500\" height=\"281\" src=\"https:\/\/www.youtube.com\/embed\/DRSBTcq_Tvk?feature=oembed\" frameborder=\"0\" allow=\"accelerometer; autoplay; clipboard-write; encrypted-media; gyroscope; picture-in-picture; web-share\" referrerpolicy=\"strict-origin-when-cross-origin\" allowfullscreen><\/iframe>\n<\/div><\/figure>\n\n\n\n<p>\u017div\u00e9mu proveden\u00ed dod\u00e1v\u00e1 atmosf\u00e9ru kapela Bandjeez, se kterou se hudebnice sezn\u00e1mila d\u00edky spolupr\u00e1ci s Davidem Stypkou. Spole\u010dn\u011b vytv\u00e1\u0159\u00ed t\u011bleso koncerty, kter\u00e9 maj\u00ed du\u0161i, jsou pln\u00e9 souzn\u011bn\u00ed, emoc\u00ed a okam\u017eik\u016f, kter\u00e9 se vryj\u00ed hluboko pod k\u016f\u017ei. Jejich \u017eiv\u00e1 hudba dok\u00e1\u017ee b\u00fdt tich\u00e1 i bou\u0159liv\u00e1, zraniteln\u00e1 i odv\u00e1\u017en\u00e1. Zhmotn\u011bn\u00ed poetick\u00fdch text\u016f skladeb jako Zni\u010den\u00e1 zem, Vlci nebo aktu\u00e1ln\u00ed spolupr\u00e1ce s Vesnou v singlu Po vod\u011b p\u0159in\u00e1\u0161\u00ed na p\u00f3dium energii, kterou v\u00e1m nab\u00eddne malokter\u00fd um\u011blec ve stejn\u00e9 m\u00ed\u0159e, a\u0165 u\u017e poslouch\u00e1te v klubu pro sto lid\u00ed nebo na prostranstv\u00ed pro desetitis\u00edce poslucha\u010d\u016f. V roce 2026 na Colours poprv\u00e9, ale jist\u011b ne naposledy.<\/p>\n","protected":false},"excerpt":{"rendered":"<p>Bude tvoje odm\u011bna, a\u0165 se ti zas jednou rozt\u0159esou kolena, a\u0165 je ti divoko alespo\u0148 na chvilku.<\/p>\n","protected":false},"featured_media":9939,"menu_order":0,"template":"","meta":[],"program-year":[456],"program-category":[120],"program-genre":[335,260,180],"program-country":[256],"class_list":["post-9952","program","type-program","status-publish","has-post-thumbnail","hentry","program-category-music-programme","program-genre-folk-en","program-genre-indie-en","program-genre-pop-en","program-country-cesko-en"],"yoast_head":"<!-- This site is optimized with the Yoast SEO plugin v25.3.1 - https:\/\/yoast.com\/wordpress\/plugins\/seo\/ -->\n<title>KATE\u0158INA MARIE TICH\u00c1 &amp; BANDJEEZ - Colours of Ostrava<\/title>\n<meta name=\"description\" content=\"Bude tvoje odm\u011bna, a\u0165 se ti zas jednou rozt\u0159esou kolena, a\u0165 je ti divoko alespo\u0148 na chvilku. V roce 2026 na Colours poprv\u00e9, ale jist\u011b ne naposledy.\" \/>\n<meta name=\"robots\" content=\"index, follow, max-snippet:-1, max-image-preview:large, max-video-preview:-1\" \/>\n<link rel=\"canonical\" href=\"https:\/\/www.colours.cz\/en\/ucinkujici\/katerina-marie-ticha-bandjeez-colours\/\" \/>\n<meta property=\"og:locale\" content=\"en_US\" \/>\n<meta property=\"og:type\" content=\"article\" \/>\n<meta property=\"og:title\" content=\"KATE\u0158INA MARIE TICH\u00c1 &amp; BANDJEEZ - Colours of Ostrava\" \/>\n<meta property=\"og:description\" content=\"Bude tvoje odm\u011bna, a\u0165 se ti zas jednou rozt\u0159esou kolena, a\u0165 je ti divoko alespo\u0148 na chvilku. V roce 2026 na Colours poprv\u00e9, ale jist\u011b ne naposledy.\" \/>\n<meta property=\"og:url\" content=\"https:\/\/www.colours.cz\/en\/ucinkujici\/katerina-marie-ticha-bandjeez-colours\/\" \/>\n<meta property=\"og:site_name\" content=\"Colours of Ostrava\" \/>\n<meta property=\"article:modified_time\" content=\"2026-03-16T12:52:19+00:00\" \/>\n<meta property=\"og:image\" content=\"https:\/\/www.colours.cz\/wp-content\/uploads\/2025\/10\/KMT2024@Radek-Kudlacek-22-scaled.jpg\" \/>\n\t<meta property=\"og:image:width\" content=\"2560\" \/>\n\t<meta property=\"og:image:height\" content=\"1915\" \/>\n\t<meta property=\"og:image:type\" content=\"image\/jpeg\" \/>\n<meta name=\"twitter:card\" content=\"summary_large_image\" \/>\n<meta name=\"twitter:label1\" content=\"Est. reading time\" \/>\n\t<meta name=\"twitter:data1\" content=\"2 minutes\" \/>\n<!-- \/ Yoast SEO plugin. -->","yoast_head_json":{"title":"KATE\u0158INA MARIE TICH\u00c1 &amp; BANDJEEZ - Colours of Ostrava","description":"Bude tvoje odm\u011bna, a\u0165 se ti zas jednou rozt\u0159esou kolena, a\u0165 je ti divoko alespo\u0148 na chvilku. V roce 2026 na Colours poprv\u00e9, ale jist\u011b ne naposledy.","robots":{"index":"index","follow":"follow","max-snippet":"max-snippet:-1","max-image-preview":"max-image-preview:large","max-video-preview":"max-video-preview:-1"},"canonical":"https:\/\/www.colours.cz\/en\/ucinkujici\/katerina-marie-ticha-bandjeez-colours\/","og_locale":"en_US","og_type":"article","og_title":"KATE\u0158INA MARIE TICH\u00c1 &amp; BANDJEEZ - Colours of Ostrava","og_description":"Bude tvoje odm\u011bna, a\u0165 se ti zas jednou rozt\u0159esou kolena, a\u0165 je ti divoko alespo\u0148 na chvilku. V roce 2026 na Colours poprv\u00e9, ale jist\u011b ne naposledy.","og_url":"https:\/\/www.colours.cz\/en\/ucinkujici\/katerina-marie-ticha-bandjeez-colours\/","og_site_name":"Colours of Ostrava","article_modified_time":"2026-03-16T12:52:19+00:00","og_image":[{"width":2560,"height":1915,"url":"https:\/\/www.colours.cz\/wp-content\/uploads\/2025\/10\/KMT2024@Radek-Kudlacek-22-scaled.jpg","type":"image\/jpeg"}],"twitter_card":"summary_large_image","twitter_misc":{"Est. reading time":"2 minutes"},"schema":{"@context":"https:\/\/schema.org","@graph":[{"@type":"WebPage","@id":"https:\/\/www.colours.cz\/en\/ucinkujici\/katerina-marie-ticha-bandjeez-colours\/","url":"https:\/\/www.colours.cz\/en\/ucinkujici\/katerina-marie-ticha-bandjeez-colours\/","name":"KATE\u0158INA MARIE TICH\u00c1 &amp; BANDJEEZ - Colours of Ostrava","isPartOf":{"@id":"https:\/\/www.colours.cz\/en\/#website"},"primaryImageOfPage":{"@id":"https:\/\/www.colours.cz\/en\/ucinkujici\/katerina-marie-ticha-bandjeez-colours\/#primaryimage"},"image":{"@id":"https:\/\/www.colours.cz\/en\/ucinkujici\/katerina-marie-ticha-bandjeez-colours\/#primaryimage"},"thumbnailUrl":"https:\/\/www.colours.cz\/wp-content\/uploads\/2025\/10\/KMT2024@Radek-Kudlacek-22-scaled.jpg","datePublished":"2025-10-30T13:32:44+00:00","dateModified":"2026-03-16T12:52:19+00:00","description":"Bude tvoje odm\u011bna, a\u0165 se ti zas jednou rozt\u0159esou kolena, a\u0165 je ti divoko alespo\u0148 na chvilku. V roce 2026 na Colours poprv\u00e9, ale jist\u011b ne naposledy.","breadcrumb":{"@id":"https:\/\/www.colours.cz\/en\/ucinkujici\/katerina-marie-ticha-bandjeez-colours\/#breadcrumb"},"inLanguage":"en-US","potentialAction":[{"@type":"ReadAction","target":["https:\/\/www.colours.cz\/en\/ucinkujici\/katerina-marie-ticha-bandjeez-colours\/"]}]},{"@type":"ImageObject","inLanguage":"en-US","@id":"https:\/\/www.colours.cz\/en\/ucinkujici\/katerina-marie-ticha-bandjeez-colours\/#primaryimage","url":"https:\/\/www.colours.cz\/wp-content\/uploads\/2025\/10\/KMT2024@Radek-Kudlacek-22-scaled.jpg","contentUrl":"https:\/\/www.colours.cz\/wp-content\/uploads\/2025\/10\/KMT2024@Radek-Kudlacek-22-scaled.jpg","width":2560,"height":1915},{"@type":"BreadcrumbList","@id":"https:\/\/www.colours.cz\/en\/ucinkujici\/katerina-marie-ticha-bandjeez-colours\/#breadcrumb","itemListElement":[{"@type":"ListItem","position":1,"name":"Dom\u016f","item":"https:\/\/www.colours.cz\/en\/"},{"@type":"ListItem","position":2,"name":"KATE\u0158INA MARIE TICH\u00c1 &amp; BANDJEEZ"}]},{"@type":"WebSite","@id":"https:\/\/www.colours.cz\/en\/#website","url":"https:\/\/www.colours.cz\/en\/","name":"Colours of Ostrava","description":"","potentialAction":[{"@type":"SearchAction","target":{"@type":"EntryPoint","urlTemplate":"https:\/\/www.colours.cz\/en\/?s={search_term_string}"},"query-input":{"@type":"PropertyValueSpecification","valueRequired":true,"valueName":"search_term_string"}}],"inLanguage":"en-US"}]}},"program-params-interpret-block-order":"310","program-params-thumbnail-mobile-id":"","program-params-sign-language-available":"0","program-params-timeline-description":"","program-tickets-not-included":"0","program-events-items-ids":[{"program-event-items-date-start":"16.07.2026 15:00","program-event-items-date-end":"","program-event-items-date-length":"0","program-event-items-place":"6464"}],"program-spotify-iframe":"","program-spotify-position":"center","program-socials-facebook":"https:\/\/www.facebook.com\/KaterinaMarieTicha\/?locale=cs_CZ","program-socials-youtube":"https:\/\/www.youtube.com\/user\/katerinamarieticha","program-socials-spotify":"https:\/\/open.spotify.com\/artist\/0WGRcXFn2jyD7Jq6wIHv6O?si=mtr9tlZvRJKvNSFq5iSLHQ","program-socials-instagram":"https:\/\/www.instagram.com\/katerinamarieticha\/?hl=cs","program-socials-threads":"","program-socials-tiktok":"https:\/\/www.tiktok.com\/@katerinamariemusic?lang=cs-CZ","program-socials-linkedin":"","program-gallery-items-ids":[{"program-items-url":"","program-items-title":"","program-items-description":"","program-items-duration":"","program-items-image-id":""}],"program-discover-title":"","program-discover-show-in-modal":"0","program-discover-items-ids":"","_links":{"self":[{"href":"https:\/\/www.colours.cz\/en\/wp-json\/wp\/v2\/program\/9952","targetHints":{"allow":["GET"]}}],"collection":[{"href":"https:\/\/www.colours.cz\/en\/wp-json\/wp\/v2\/program"}],"about":[{"href":"https:\/\/www.colours.cz\/en\/wp-json\/wp\/v2\/types\/program"}],"wp:featuredmedia":[{"embeddable":true,"href":"https:\/\/www.colours.cz\/en\/wp-json\/wp\/v2\/media\/9939"}],"wp:attachment":[{"href":"https:\/\/www.colours.cz\/en\/wp-json\/wp\/v2\/media?parent=9952"}],"wp:term":[{"taxonomy":"program-year","embeddable":true,"href":"https:\/\/www.colours.cz\/en\/wp-json\/wp\/v2\/program-year?post=9952"},{"taxonomy":"program-category","embeddable":true,"href":"https:\/\/www.colours.cz\/en\/wp-json\/wp\/v2\/program-category?post=9952"},{"taxonomy":"program-genre","embeddable":true,"href":"https:\/\/www.colours.cz\/en\/wp-json\/wp\/v2\/program-genre?post=9952"},{"taxonomy":"program-country","embeddable":true,"href":"https:\/\/www.colours.cz\/en\/wp-json\/wp\/v2\/program-country?post=9952"}],"curies":[{"name":"wp","href":"https:\/\/api.w.org\/{rel}","templated":true}]}}