{"id":7713,"date":"2025-07-05T00:51:46","date_gmt":"2025-07-04T22:51:46","guid":{"rendered":"https:\/\/www.colours.cz\/?post_type=program&#038;p=7713"},"modified":"2025-07-19T17:07:47","modified_gmt":"2025-07-19T15:07:47","slug":"abra","status":"publish","type":"program","link":"https:\/\/www.colours.cz\/en\/ucinkujici\/abra\/","title":{"rendered":"Abra"},"content":{"rendered":"\n<p><strong>\u017d\u00e1nr:\u00a0<\/strong>EDM \/ DnB \/ Techno \/ Psytrance \/ Hardcore<\/p>\n\n\n\n<p><\/p>\n","protected":false},"excerpt":{"rendered":"<p>DJ, kter\u00fd r\u00e1d bo\u0159\u00ed \u017e\u00e1nrov\u00e9 hranice. Ve sv\u00fdch setech kombinuji r\u016fzn\u00e9 styly \u2013 od melodick\u00e9ho EDM a techna a\u017e po rychlej\u0161\u00ed rytmy jako drum and bass, psytrance nebo hardcore. D\u00edky sv\u00e9 tane\u010dn\u00ed minulosti kladu d\u016fraz na to, aby ka\u017ed\u00fd set byl nejen hudebn\u00ed z\u00e1\u017eitek, ale p\u0159edev\u0161\u00edm pozv\u00e1nka na tane\u010dn\u00ed parket. Hled\u00e1m rovnov\u00e1hu mezi energi\u00ed, rytmem a flow \u2013 c\u00edlem je rozh\u00fdbat t\u011blo i mysl.<\/p>\n","protected":false},"featured_media":8563,"menu_order":0,"template":"","meta":[],"program-year":[119],"program-category":[429],"program-genre":[121],"program-country":[],"class_list":["post-7713","program","type-program","status-publish","has-post-thumbnail","hentry","program-category-experience-zones-en-2","program-genre-electornic-en"],"yoast_head":"<!-- This site is optimized with the Yoast SEO plugin v25.3.1 - https:\/\/yoast.com\/wordpress\/plugins\/seo\/ -->\n<title>Abra - Colours of Ostrava<\/title>\n<meta name=\"robots\" content=\"index, follow, max-snippet:-1, max-image-preview:large, max-video-preview:-1\" \/>\n<link rel=\"canonical\" href=\"https:\/\/www.colours.cz\/en\/ucinkujici\/abra\/\" \/>\n<meta property=\"og:locale\" content=\"en_US\" \/>\n<meta property=\"og:type\" content=\"article\" \/>\n<meta property=\"og:title\" content=\"Abra - Colours of Ostrava\" \/>\n<meta property=\"og:description\" content=\"DJ, kter\u00fd r\u00e1d bo\u0159\u00ed \u017e\u00e1nrov\u00e9 hranice. Ve sv\u00fdch setech kombinuji r\u016fzn\u00e9 styly \u2013 od melodick\u00e9ho EDM a techna a\u017e po rychlej\u0161\u00ed rytmy jako drum and bass, psytrance nebo hardcore. D\u00edky sv\u00e9 tane\u010dn\u00ed minulosti kladu d\u016fraz na to, aby ka\u017ed\u00fd set byl nejen hudebn\u00ed z\u00e1\u017eitek, ale p\u0159edev\u0161\u00edm pozv\u00e1nka na tane\u010dn\u00ed parket. Hled\u00e1m rovnov\u00e1hu mezi energi\u00ed, rytmem a flow \u2013 c\u00edlem je rozh\u00fdbat t\u011blo i mysl.\" \/>\n<meta property=\"og:url\" content=\"https:\/\/www.colours.cz\/en\/ucinkujici\/abra\/\" \/>\n<meta property=\"og:site_name\" content=\"Colours of Ostrava\" \/>\n<meta property=\"article:modified_time\" content=\"2025-07-19T15:07:47+00:00\" \/>\n<meta property=\"og:image\" content=\"https:\/\/www.colours.cz\/wp-content\/uploads\/2025\/07\/Abra.jpg\" \/>\n\t<meta property=\"og:image:width\" content=\"2048\" \/>\n\t<meta property=\"og:image:height\" content=\"1362\" \/>\n\t<meta property=\"og:image:type\" content=\"image\/jpeg\" \/>\n<meta name=\"twitter:card\" content=\"summary_large_image\" \/>\n<meta name=\"twitter:label1\" content=\"Est. reading time\" \/>\n\t<meta name=\"twitter:data1\" content=\"1 minute\" \/>\n<!-- \/ Yoast SEO plugin. -->","yoast_head_json":{"title":"Abra - Colours of Ostrava","robots":{"index":"index","follow":"follow","max-snippet":"max-snippet:-1","max-image-preview":"max-image-preview:large","max-video-preview":"max-video-preview:-1"},"canonical":"https:\/\/www.colours.cz\/en\/ucinkujici\/abra\/","og_locale":"en_US","og_type":"article","og_title":"Abra - Colours of Ostrava","og_description":"DJ, kter\u00fd r\u00e1d bo\u0159\u00ed \u017e\u00e1nrov\u00e9 hranice. Ve sv\u00fdch setech kombinuji r\u016fzn\u00e9 styly \u2013 od melodick\u00e9ho EDM a techna a\u017e po rychlej\u0161\u00ed rytmy jako drum and bass, psytrance nebo hardcore. D\u00edky sv\u00e9 tane\u010dn\u00ed minulosti kladu d\u016fraz na to, aby ka\u017ed\u00fd set byl nejen hudebn\u00ed z\u00e1\u017eitek, ale p\u0159edev\u0161\u00edm pozv\u00e1nka na tane\u010dn\u00ed parket. Hled\u00e1m rovnov\u00e1hu mezi energi\u00ed, rytmem a flow \u2013 c\u00edlem je rozh\u00fdbat t\u011blo i mysl.","og_url":"https:\/\/www.colours.cz\/en\/ucinkujici\/abra\/","og_site_name":"Colours of Ostrava","article_modified_time":"2025-07-19T15:07:47+00:00","og_image":[{"width":2048,"height":1362,"url":"https:\/\/www.colours.cz\/wp-content\/uploads\/2025\/07\/Abra.jpg","type":"image\/jpeg"}],"twitter_card":"summary_large_image","twitter_misc":{"Est. reading time":"1 minute"},"schema":{"@context":"https:\/\/schema.org","@graph":[{"@type":"WebPage","@id":"https:\/\/www.colours.cz\/en\/ucinkujici\/abra\/","url":"https:\/\/www.colours.cz\/en\/ucinkujici\/abra\/","name":"Abra - Colours of Ostrava","isPartOf":{"@id":"https:\/\/www.colours.cz\/en\/#website"},"primaryImageOfPage":{"@id":"https:\/\/www.colours.cz\/en\/ucinkujici\/abra\/#primaryimage"},"image":{"@id":"https:\/\/www.colours.cz\/en\/ucinkujici\/abra\/#primaryimage"},"thumbnailUrl":"https:\/\/www.colours.cz\/wp-content\/uploads\/2025\/07\/Abra.jpg","datePublished":"2025-07-04T22:51:46+00:00","dateModified":"2025-07-19T15:07:47+00:00","breadcrumb":{"@id":"https:\/\/www.colours.cz\/en\/ucinkujici\/abra\/#breadcrumb"},"inLanguage":"en-US","potentialAction":[{"@type":"ReadAction","target":["https:\/\/www.colours.cz\/en\/ucinkujici\/abra\/"]}]},{"@type":"ImageObject","inLanguage":"en-US","@id":"https:\/\/www.colours.cz\/en\/ucinkujici\/abra\/#primaryimage","url":"https:\/\/www.colours.cz\/wp-content\/uploads\/2025\/07\/Abra.jpg","contentUrl":"https:\/\/www.colours.cz\/wp-content\/uploads\/2025\/07\/Abra.jpg","width":2048,"height":1362},{"@type":"BreadcrumbList","@id":"https:\/\/www.colours.cz\/en\/ucinkujici\/abra\/#breadcrumb","itemListElement":[{"@type":"ListItem","position":1,"name":"Dom\u016f","item":"https:\/\/www.colours.cz\/en\/"},{"@type":"ListItem","position":2,"name":"Abra"}]},{"@type":"WebSite","@id":"https:\/\/www.colours.cz\/en\/#website","url":"https:\/\/www.colours.cz\/en\/","name":"Colours of Ostrava","description":"","potentialAction":[{"@type":"SearchAction","target":{"@type":"EntryPoint","urlTemplate":"https:\/\/www.colours.cz\/en\/?s={search_term_string}"},"query-input":{"@type":"PropertyValueSpecification","valueRequired":true,"valueName":"search_term_string"}}],"inLanguage":"en-US"}]}},"program-params-interpret-block-order":"0","program-params-thumbnail-mobile-id":"","program-params-sign-language-available":"0","program-params-timeline-description":"","program-tickets-not-included":"0","program-events-items-ids":[{"program-event-items-date-start":"17.07.2025 00:00","program-event-items-date-end":"17.07.2025 02:00","program-event-items-date-length":"0","program-event-items-place":"7654"},{"program-event-items-date-start":"20.07.2025 03:00","program-event-items-date-end":"20.07.2025 03:30","program-event-items-date-length":"0","program-event-items-place":"7654"}],"program-spotify-iframe":"","program-spotify-position":"center","program-socials-facebook":"","program-socials-youtube":"","program-socials-spotify":"","program-socials-instagram":"","program-socials-threads":"","program-socials-tiktok":"","program-socials-linkedin":"","program-gallery-items-ids":[{"program-items-url":"","program-items-title":"","program-items-description":"","program-items-duration":"","program-items-image-id":""}],"program-discover-title":"","program-discover-show-in-modal":"0","program-discover-items-ids":"","_links":{"self":[{"href":"https:\/\/www.colours.cz\/en\/wp-json\/wp\/v2\/program\/7713","targetHints":{"allow":["GET"]}}],"collection":[{"href":"https:\/\/www.colours.cz\/en\/wp-json\/wp\/v2\/program"}],"about":[{"href":"https:\/\/www.colours.cz\/en\/wp-json\/wp\/v2\/types\/program"}],"wp:featuredmedia":[{"embeddable":true,"href":"https:\/\/www.colours.cz\/en\/wp-json\/wp\/v2\/media\/8563"}],"wp:attachment":[{"href":"https:\/\/www.colours.cz\/en\/wp-json\/wp\/v2\/media?parent=7713"}],"wp:term":[{"taxonomy":"program-year","embeddable":true,"href":"https:\/\/www.colours.cz\/en\/wp-json\/wp\/v2\/program-year?post=7713"},{"taxonomy":"program-category","embeddable":true,"href":"https:\/\/www.colours.cz\/en\/wp-json\/wp\/v2\/program-category?post=7713"},{"taxonomy":"program-genre","embeddable":true,"href":"https:\/\/www.colours.cz\/en\/wp-json\/wp\/v2\/program-genre?post=7713"},{"taxonomy":"program-country","embeddable":true,"href":"https:\/\/www.colours.cz\/en\/wp-json\/wp\/v2\/program-country?post=7713"}],"curies":[{"name":"wp","href":"https:\/\/api.w.org\/{rel}","templated":true}]}}