{"id":7102,"date":"2025-06-26T21:26:47","date_gmt":"2025-06-26T19:26:47","guid":{"rendered":"https:\/\/www.colours.cz\/ucinkujici\/strasfunak-a-voda\/"},"modified":"2025-06-26T21:30:25","modified_gmt":"2025-06-26T19:30:25","slug":"strasfunak-a-voda","status":"publish","type":"program","link":"https:\/\/www.colours.cz\/en\/ucinkujici\/strasfunak-a-voda\/","title":{"rendered":"Stra\u0161fu\u0148\u00e1k a voda"},"content":{"rendered":"\n<p>Funilka explains to Stra\u0161fu\u0148\u00e1k how important water is for life. It ends with the fairy tale About the Fisherman and His Wife.<\/p>\n\n\n\n<p>Designed for children from 3 to 10 years old.<\/p>\n\n\n\n<p><\/p>\n","protected":false},"excerpt":{"rendered":"<p>Stra\u0161fu\u0148\u00e1k wants to make Funilka happy, so he buys her a flower in a pot&#8230; but unfortunately he doesn&#8217;t water it and the flower withers. Funilka explains to Stra\u0161fu\u0148\u00e1k how important water is for life. It ends with the fairy tale About the Fisherman and His Wife. Stra\u0161fu\u0148\u00e1k wants to make Funilka happy, so he buys her a flower in a pot&#8230; but unfortunately he doesn&#8217;t water it and the flower withers.<\/p>\n","protected":false},"featured_media":7100,"menu_order":0,"template":"","meta":[],"program-year":[119],"program-category":[280],"program-genre":[],"program-country":[],"class_list":["post-7102","program","type-program","status-publish","has-post-thumbnail","hentry","program-category-kids-programme"],"yoast_head":"<!-- This site is optimized with the Yoast SEO plugin v25.3.1 - https:\/\/yoast.com\/wordpress\/plugins\/seo\/ -->\n<title>Stra\u0161fu\u0148\u00e1k a voda - Colours of Ostrava<\/title>\n<meta name=\"robots\" content=\"index, follow, max-snippet:-1, max-image-preview:large, max-video-preview:-1\" \/>\n<link rel=\"canonical\" href=\"https:\/\/www.colours.cz\/en\/ucinkujici\/strasfunak-a-voda\/\" \/>\n<meta property=\"og:locale\" content=\"en_US\" \/>\n<meta property=\"og:type\" content=\"article\" \/>\n<meta property=\"og:title\" content=\"Stra\u0161fu\u0148\u00e1k a voda - Colours of Ostrava\" \/>\n<meta property=\"og:description\" content=\"Stra\u0161fu\u0148\u00e1k wants to make Funilka happy, so he buys her a flower in a pot... but unfortunately he doesn&#039;t water it and the flower withers. Funilka explains to Stra\u0161fu\u0148\u00e1k how important water is for life. It ends with the fairy tale About the Fisherman and His Wife. Stra\u0161fu\u0148\u00e1k wants to make Funilka happy, so he buys her a flower in a pot... but unfortunately he doesn&#039;t water it and the flower withers.\" \/>\n<meta property=\"og:url\" content=\"https:\/\/www.colours.cz\/en\/ucinkujici\/strasfunak-a-voda\/\" \/>\n<meta property=\"og:site_name\" content=\"Colours of Ostrava\" \/>\n<meta property=\"article:modified_time\" content=\"2025-06-26T19:30:25+00:00\" \/>\n<meta property=\"og:image\" content=\"https:\/\/www.colours.cz\/wp-content\/uploads\/2025\/06\/Strasfunaka-a-voda.jpeg\" \/>\n\t<meta property=\"og:image:width\" content=\"2020\" \/>\n\t<meta property=\"og:image:height\" content=\"1136\" \/>\n\t<meta property=\"og:image:type\" content=\"image\/jpeg\" \/>\n<meta name=\"twitter:card\" content=\"summary_large_image\" \/>\n<meta name=\"twitter:label1\" content=\"Est. reading time\" \/>\n\t<meta name=\"twitter:data1\" content=\"1 minute\" \/>\n<!-- \/ Yoast SEO plugin. -->","yoast_head_json":{"title":"Stra\u0161fu\u0148\u00e1k a voda - Colours of Ostrava","robots":{"index":"index","follow":"follow","max-snippet":"max-snippet:-1","max-image-preview":"max-image-preview:large","max-video-preview":"max-video-preview:-1"},"canonical":"https:\/\/www.colours.cz\/en\/ucinkujici\/strasfunak-a-voda\/","og_locale":"en_US","og_type":"article","og_title":"Stra\u0161fu\u0148\u00e1k a voda - Colours of Ostrava","og_description":"Stra\u0161fu\u0148\u00e1k wants to make Funilka happy, so he buys her a flower in a pot... but unfortunately he doesn't water it and the flower withers. Funilka explains to Stra\u0161fu\u0148\u00e1k how important water is for life. It ends with the fairy tale About the Fisherman and His Wife. Stra\u0161fu\u0148\u00e1k wants to make Funilka happy, so he buys her a flower in a pot... but unfortunately he doesn't water it and the flower withers.","og_url":"https:\/\/www.colours.cz\/en\/ucinkujici\/strasfunak-a-voda\/","og_site_name":"Colours of Ostrava","article_modified_time":"2025-06-26T19:30:25+00:00","og_image":[{"width":2020,"height":1136,"url":"https:\/\/www.colours.cz\/wp-content\/uploads\/2025\/06\/Strasfunaka-a-voda.jpeg","type":"image\/jpeg"}],"twitter_card":"summary_large_image","twitter_misc":{"Est. reading time":"1 minute"},"schema":{"@context":"https:\/\/schema.org","@graph":[{"@type":"WebPage","@id":"https:\/\/www.colours.cz\/en\/ucinkujici\/strasfunak-a-voda\/","url":"https:\/\/www.colours.cz\/en\/ucinkujici\/strasfunak-a-voda\/","name":"Stra\u0161fu\u0148\u00e1k a voda - Colours of Ostrava","isPartOf":{"@id":"https:\/\/www.colours.cz\/en\/#website"},"primaryImageOfPage":{"@id":"https:\/\/www.colours.cz\/en\/ucinkujici\/strasfunak-a-voda\/#primaryimage"},"image":{"@id":"https:\/\/www.colours.cz\/en\/ucinkujici\/strasfunak-a-voda\/#primaryimage"},"thumbnailUrl":"https:\/\/www.colours.cz\/wp-content\/uploads\/2025\/06\/Strasfunaka-a-voda.jpeg","datePublished":"2025-06-26T19:26:47+00:00","dateModified":"2025-06-26T19:30:25+00:00","breadcrumb":{"@id":"https:\/\/www.colours.cz\/en\/ucinkujici\/strasfunak-a-voda\/#breadcrumb"},"inLanguage":"en-US","potentialAction":[{"@type":"ReadAction","target":["https:\/\/www.colours.cz\/en\/ucinkujici\/strasfunak-a-voda\/"]}]},{"@type":"ImageObject","inLanguage":"en-US","@id":"https:\/\/www.colours.cz\/en\/ucinkujici\/strasfunak-a-voda\/#primaryimage","url":"https:\/\/www.colours.cz\/wp-content\/uploads\/2025\/06\/Strasfunaka-a-voda.jpeg","contentUrl":"https:\/\/www.colours.cz\/wp-content\/uploads\/2025\/06\/Strasfunaka-a-voda.jpeg","width":2020,"height":1136},{"@type":"BreadcrumbList","@id":"https:\/\/www.colours.cz\/en\/ucinkujici\/strasfunak-a-voda\/#breadcrumb","itemListElement":[{"@type":"ListItem","position":1,"name":"Dom\u016f","item":"https:\/\/www.colours.cz\/en\/"},{"@type":"ListItem","position":2,"name":"Stra\u0161fu\u0148\u00e1k a voda"}]},{"@type":"WebSite","@id":"https:\/\/www.colours.cz\/en\/#website","url":"https:\/\/www.colours.cz\/en\/","name":"Colours of Ostrava","description":"","potentialAction":[{"@type":"SearchAction","target":{"@type":"EntryPoint","urlTemplate":"https:\/\/www.colours.cz\/en\/?s={search_term_string}"},"query-input":{"@type":"PropertyValueSpecification","valueRequired":true,"valueName":"search_term_string"}}],"inLanguage":"en-US"}]}},"program-params-interpret-block-order":"0","program-params-thumbnail-mobile-id":"","program-params-sign-language-available":"0","program-params-timeline-description":"","program-tickets-not-included":"0","program-events-items-ids":[{"program-event-items-date-start":"19.07.2025 13:00","program-event-items-date-end":"19.07.2025 14:00","program-event-items-date-length":"0","program-event-items-place":"6523"}],"program-spotify-iframe":"","program-spotify-position":"center","program-socials-facebook":"","program-socials-youtube":"","program-socials-spotify":"","program-socials-instagram":"","program-socials-threads":"","program-socials-tiktok":"","program-socials-linkedin":"","program-gallery-items-ids":[{"program-items-url":"","program-items-title":"","program-items-description":"","program-items-duration":"","program-items-image-id":""}],"program-discover-title":"","program-discover-show-in-modal":"","program-discover-items-ids":"","_links":{"self":[{"href":"https:\/\/www.colours.cz\/en\/wp-json\/wp\/v2\/program\/7102","targetHints":{"allow":["GET"]}}],"collection":[{"href":"https:\/\/www.colours.cz\/en\/wp-json\/wp\/v2\/program"}],"about":[{"href":"https:\/\/www.colours.cz\/en\/wp-json\/wp\/v2\/types\/program"}],"wp:featuredmedia":[{"embeddable":true,"href":"https:\/\/www.colours.cz\/en\/wp-json\/wp\/v2\/media\/7100"}],"wp:attachment":[{"href":"https:\/\/www.colours.cz\/en\/wp-json\/wp\/v2\/media?parent=7102"}],"wp:term":[{"taxonomy":"program-year","embeddable":true,"href":"https:\/\/www.colours.cz\/en\/wp-json\/wp\/v2\/program-year?post=7102"},{"taxonomy":"program-category","embeddable":true,"href":"https:\/\/www.colours.cz\/en\/wp-json\/wp\/v2\/program-category?post=7102"},{"taxonomy":"program-genre","embeddable":true,"href":"https:\/\/www.colours.cz\/en\/wp-json\/wp\/v2\/program-genre?post=7102"},{"taxonomy":"program-country","embeddable":true,"href":"https:\/\/www.colours.cz\/en\/wp-json\/wp\/v2\/program-country?post=7102"}],"curies":[{"name":"wp","href":"https:\/\/api.w.org\/{rel}","templated":true}]}}