{"id":3884,"date":"2025-04-07T18:45:25","date_gmt":"2025-04-07T16:45:25","guid":{"rendered":"https:\/\/www.colours.cz\/ucinkujici\/barbora-polakova-nehy25\/"},"modified":"2025-06-23T11:34:26","modified_gmt":"2025-06-23T09:34:26","slug":"barbora-polakova-nehy25","status":"publish","type":"program","link":"https:\/\/www.colours.cz\/en\/ucinkujici\/barbora-polakova-nehy25\/","title":{"rendered":"Barbora Pol\u00e1kov\u00e1: N\u011aHY25"},"content":{"rendered":"\n<figure class=\"wp-block-image size-large\"><img loading=\"lazy\" decoding=\"async\" width=\"1024\" height=\"683\" src=\"https:\/\/www.colours.cz\/wp-content\/uploads\/2025\/04\/Nehy2025_foto-Pavla-Hartmanova-1024x683.jpg\" alt=\"Barbora Pol\u00e1kov\u00e1: N\u011aHY25 - Colours of Ostrava\" class=\"wp-image-3881\" srcset=\"https:\/\/www.colours.cz\/wp-content\/uploads\/2025\/04\/Nehy2025_foto-Pavla-Hartmanova-1024x683.jpg 1024w, https:\/\/www.colours.cz\/wp-content\/uploads\/2025\/04\/Nehy2025_foto-Pavla-Hartmanova-300x200.jpg 300w, https:\/\/www.colours.cz\/wp-content\/uploads\/2025\/04\/Nehy2025_foto-Pavla-Hartmanova-768x512.jpg 768w, https:\/\/www.colours.cz\/wp-content\/uploads\/2025\/04\/Nehy2025_foto-Pavla-Hartmanova-1536x1024.jpg 1536w, https:\/\/www.colours.cz\/wp-content\/uploads\/2025\/04\/Nehy2025_foto-Pavla-Hartmanova.jpg 2048w\" sizes=\"auto, (max-width: 1024px) 100vw, 1024px\" \/><\/figure>\n\n\n\n<p>B\u00e1ra Pol\u00e1kov\u00e1 is a five-time winner of the And\u011bl Music Awards, which she earned for her first two albums. Her third and most recent album, ON\/OFF, was released in May 2023. She is both the author and co-author of the lyrics and music, as well as a co-creator of the concepts for her music videos. According to the artist, N\u011aHY is both a concert and a performance, with the two forms complementing each other and flowing seamlessly between them. N\u011aHY is about closeness and silence, joy, and sorrow. B\u00e1ra Pol\u00e1kov\u00e1\u2019s team believes that the audience will fall in love with this format just as much as the performers themselves adore it.<\/p>\n\n\n\n<p><strong>Vocals, Script, Direction:<\/strong> Barbora Pol\u00e1kov\u00e1<br><strong>Musical Concept, Arrangements:<\/strong> David Hlav\u00e1\u010d<br><strong>Guitar:<\/strong> Petr Zatloukal<br><strong>Bass Guitar:<\/strong> Marek Abrah\u00e1m<br><strong>Drums\/Percussion:<\/strong> Oliver Lipensk\u00fd<br><strong>Bassoon:<\/strong> Norbert Zad\u00e1k<br><strong>Vocals:<\/strong> Andrea \u0160ulcov\u00e1, Sofia Alvi, S\u00e1ra Lagov\u00e1, Eli\u0161ka Lajdov\u00e1, \u0160t\u011bp\u00e1n Urban, Jaroslav Divi\u0161<br><strong>Scenography:<\/strong> Marek Cpin<br><strong>Choreography:<\/strong> Mirek Kos\u00edk<br><strong>Movement Supervision:<\/strong> Ros\u0165a Nov\u00e1k Jr.<br><strong>Light Design:<\/strong> Michal K\u0159\u00ed\u017e<br><strong>Lighting:<\/strong> Ond\u0159ej Klem\u0161<br><strong>Sound:<\/strong> Jarom\u00edr \u010c\u00ed\u017eek<br><strong>Costumes:<\/strong> Marek Cpin, Kate\u0159ina Geislerov\u00e1<br><strong>Visual Supervision:<\/strong> Marek Jarkovsky<br><strong>Producers:<\/strong> Petr K\u016fta, Barbora Pol\u00e1kov\u00e1, David Hlav\u00e1\u010d, Marek Jarkovsky<\/p>\n\n\n\n<p>The N\u011aHY 2025 tour is partnered with the \u010cEZ Group.<\/p>\n","protected":false},"excerpt":{"rendered":"<p>In her concert series N\u011aHY25, B\u00e1ra Pol\u00e1kov\u00e1 brings together three studio albums, songs in both original and new arrangements, scenic movement, and a unique stage design and light show. B\u00e1ra, six vocalists, and a four-piece band will captivate you so much that you\u2019ll want to go on holiday with them &#8211; including the entire technical crew.<\/p>\n","protected":false},"featured_media":3879,"menu_order":0,"template":"","meta":[],"program-year":[119],"program-category":[281],"program-genre":[],"program-country":[256],"class_list":["post-3884","program","type-program","status-publish","has-post-thumbnail","hentry","program-category-theater-and-performance","program-country-cesko-en"],"yoast_head":"<!-- This site is optimized with the Yoast SEO plugin v25.3.1 - https:\/\/yoast.com\/wordpress\/plugins\/seo\/ -->\n<title>Barbora Pol\u00e1kov\u00e1: N\u011aHY25 - Colours of Ostrava<\/title>\n<meta name=\"robots\" content=\"index, follow, max-snippet:-1, max-image-preview:large, max-video-preview:-1\" \/>\n<link rel=\"canonical\" href=\"https:\/\/www.colours.cz\/en\/ucinkujici\/barbora-polakova-nehy25\/\" \/>\n<meta property=\"og:locale\" content=\"en_US\" \/>\n<meta property=\"og:type\" content=\"article\" \/>\n<meta property=\"og:title\" content=\"Barbora Pol\u00e1kov\u00e1: N\u011aHY25 - Colours of Ostrava\" \/>\n<meta property=\"og:description\" content=\"In her concert series N\u011aHY25, B\u00e1ra Pol\u00e1kov\u00e1 brings together three studio albums, songs in both original and new arrangements, scenic movement, and a unique stage design and light show. B\u00e1ra, six vocalists, and a four-piece band will captivate you so much that you\u2019ll want to go on holiday with them - including the entire technical crew.\" \/>\n<meta property=\"og:url\" content=\"https:\/\/www.colours.cz\/en\/ucinkujici\/barbora-polakova-nehy25\/\" \/>\n<meta property=\"og:site_name\" content=\"Colours of Ostrava\" \/>\n<meta property=\"article:modified_time\" content=\"2025-06-23T09:34:26+00:00\" \/>\n<meta property=\"og:image\" content=\"https:\/\/www.colours.cz\/wp-content\/uploads\/2025\/04\/Archiv-Bary-Polakove-6_foto-Archiv-Bary-Polakove-1024x576.png\" \/>\n\t<meta property=\"og:image:width\" content=\"1024\" \/>\n\t<meta property=\"og:image:height\" content=\"576\" \/>\n\t<meta property=\"og:image:type\" content=\"image\/png\" \/>\n<meta name=\"twitter:card\" content=\"summary_large_image\" \/>\n<meta name=\"twitter:label1\" content=\"Est. reading time\" \/>\n\t<meta name=\"twitter:data1\" content=\"2 minutes\" \/>\n<!-- \/ Yoast SEO plugin. -->","yoast_head_json":{"title":"Barbora Pol\u00e1kov\u00e1: N\u011aHY25 - Colours of Ostrava","robots":{"index":"index","follow":"follow","max-snippet":"max-snippet:-1","max-image-preview":"max-image-preview:large","max-video-preview":"max-video-preview:-1"},"canonical":"https:\/\/www.colours.cz\/en\/ucinkujici\/barbora-polakova-nehy25\/","og_locale":"en_US","og_type":"article","og_title":"Barbora Pol\u00e1kov\u00e1: N\u011aHY25 - Colours of Ostrava","og_description":"In her concert series N\u011aHY25, B\u00e1ra Pol\u00e1kov\u00e1 brings together three studio albums, songs in both original and new arrangements, scenic movement, and a unique stage design and light show. B\u00e1ra, six vocalists, and a four-piece band will captivate you so much that you\u2019ll want to go on holiday with them - including the entire technical crew.","og_url":"https:\/\/www.colours.cz\/en\/ucinkujici\/barbora-polakova-nehy25\/","og_site_name":"Colours of Ostrava","article_modified_time":"2025-06-23T09:34:26+00:00","og_image":[{"width":1024,"height":576,"url":"https:\/\/www.colours.cz\/wp-content\/uploads\/2025\/04\/Archiv-Bary-Polakove-6_foto-Archiv-Bary-Polakove-1024x576.png","type":"image\/png"}],"twitter_card":"summary_large_image","twitter_misc":{"Est. reading time":"2 minutes"},"schema":{"@context":"https:\/\/schema.org","@graph":[{"@type":"WebPage","@id":"https:\/\/www.colours.cz\/en\/ucinkujici\/barbora-polakova-nehy25\/","url":"https:\/\/www.colours.cz\/en\/ucinkujici\/barbora-polakova-nehy25\/","name":"Barbora Pol\u00e1kov\u00e1: N\u011aHY25 - Colours of Ostrava","isPartOf":{"@id":"https:\/\/www.colours.cz\/en\/#website"},"primaryImageOfPage":{"@id":"https:\/\/www.colours.cz\/en\/ucinkujici\/barbora-polakova-nehy25\/#primaryimage"},"image":{"@id":"https:\/\/www.colours.cz\/en\/ucinkujici\/barbora-polakova-nehy25\/#primaryimage"},"thumbnailUrl":"https:\/\/www.colours.cz\/wp-content\/uploads\/2025\/04\/Archiv-Bary-Polakove-6_foto-Archiv-Bary-Polakove.png","datePublished":"2025-04-07T16:45:25+00:00","dateModified":"2025-06-23T09:34:26+00:00","breadcrumb":{"@id":"https:\/\/www.colours.cz\/en\/ucinkujici\/barbora-polakova-nehy25\/#breadcrumb"},"inLanguage":"en-US","potentialAction":[{"@type":"ReadAction","target":["https:\/\/www.colours.cz\/en\/ucinkujici\/barbora-polakova-nehy25\/"]}]},{"@type":"ImageObject","inLanguage":"en-US","@id":"https:\/\/www.colours.cz\/en\/ucinkujici\/barbora-polakova-nehy25\/#primaryimage","url":"https:\/\/www.colours.cz\/wp-content\/uploads\/2025\/04\/Archiv-Bary-Polakove-6_foto-Archiv-Bary-Polakove.png","contentUrl":"https:\/\/www.colours.cz\/wp-content\/uploads\/2025\/04\/Archiv-Bary-Polakove-6_foto-Archiv-Bary-Polakove.png","width":1920,"height":1080,"caption":"Barbora-polakova-nehy25-divadlo-colours"},{"@type":"BreadcrumbList","@id":"https:\/\/www.colours.cz\/en\/ucinkujici\/barbora-polakova-nehy25\/#breadcrumb","itemListElement":[{"@type":"ListItem","position":1,"name":"Dom\u016f","item":"https:\/\/www.colours.cz\/en\/"},{"@type":"ListItem","position":2,"name":"Barbora Pol\u00e1kov\u00e1: N\u011aHY25"}]},{"@type":"WebSite","@id":"https:\/\/www.colours.cz\/en\/#website","url":"https:\/\/www.colours.cz\/en\/","name":"Colours of Ostrava","description":"","potentialAction":[{"@type":"SearchAction","target":{"@type":"EntryPoint","urlTemplate":"https:\/\/www.colours.cz\/en\/?s={search_term_string}"},"query-input":{"@type":"PropertyValueSpecification","valueRequired":true,"valueName":"search_term_string"}}],"inLanguage":"en-US"}]}},"program-params-interpret-block-order":"0","program-params-thumbnail-mobile-id":"","program-params-sign-language-available":"","program-params-timeline-description":"","program-tickets-not-included":"0","program-events-items-ids":[{"program-event-items-date-start":"17.07.2025 21:00","program-event-items-date-end":"17.07.2025 22:30","program-event-items-date-length":"90","program-event-items-place":"6488"}],"program-spotify-iframe":"","program-spotify-position":"center","program-socials-facebook":"","program-socials-youtube":"","program-socials-spotify":"","program-socials-instagram":"","program-socials-threads":"","program-socials-tiktok":"","program-socials-linkedin":"","program-gallery-items-ids":[{"program-items-url":"","program-items-title":"","program-items-description":"","program-items-duration":"","program-items-image-id":""}],"program-discover-title":"","program-discover-show-in-modal":"","program-discover-items-ids":"","_links":{"self":[{"href":"https:\/\/www.colours.cz\/en\/wp-json\/wp\/v2\/program\/3884","targetHints":{"allow":["GET"]}}],"collection":[{"href":"https:\/\/www.colours.cz\/en\/wp-json\/wp\/v2\/program"}],"about":[{"href":"https:\/\/www.colours.cz\/en\/wp-json\/wp\/v2\/types\/program"}],"wp:featuredmedia":[{"embeddable":true,"href":"https:\/\/www.colours.cz\/en\/wp-json\/wp\/v2\/media\/3879"}],"wp:attachment":[{"href":"https:\/\/www.colours.cz\/en\/wp-json\/wp\/v2\/media?parent=3884"}],"wp:term":[{"taxonomy":"program-year","embeddable":true,"href":"https:\/\/www.colours.cz\/en\/wp-json\/wp\/v2\/program-year?post=3884"},{"taxonomy":"program-category","embeddable":true,"href":"https:\/\/www.colours.cz\/en\/wp-json\/wp\/v2\/program-category?post=3884"},{"taxonomy":"program-genre","embeddable":true,"href":"https:\/\/www.colours.cz\/en\/wp-json\/wp\/v2\/program-genre?post=3884"},{"taxonomy":"program-country","embeddable":true,"href":"https:\/\/www.colours.cz\/en\/wp-json\/wp\/v2\/program-country?post=3884"}],"curies":[{"name":"wp","href":"https:\/\/api.w.org\/{rel}","templated":true}]}}