{"id":11631,"date":"2026-01-28T17:02:00","date_gmt":"2026-01-28T16:02:00","guid":{"rendered":"https:\/\/www.colours.cz\/?post_type=program&#038;p=11631"},"modified":"2026-03-17T13:20:38","modified_gmt":"2026-03-17T12:20:38","slug":"audrey-nuna","status":"publish","type":"program","link":"https:\/\/www.colours.cz\/en\/ucinkujici\/audrey-nuna\/","title":{"rendered":"AUDREY NUNA"},"content":{"rendered":"\n<figure class=\"wp-block-embed is-type-rich is-provider-spotify wp-block-embed-spotify wp-embed-aspect-21-9 wp-has-aspect-ratio\"><div class=\"wp-block-embed__wrapper\">\n<iframe title=\"Spotify Embed: AUDREY NUNA\" style=\"border-radius: 12px\" width=\"100%\" height=\"352\" frameborder=\"0\" allowfullscreen allow=\"autoplay; clipboard-write; encrypted-media; fullscreen; picture-in-picture\" loading=\"lazy\" src=\"https:\/\/open.spotify.com\/embed\/artist\/0Wwji82sLA0Hcvtuak3omb?si=0psl77-lTUSyFolNJHkNrA&amp;utm_source=oembed\"><\/iframe>\n<\/div><\/figure>\n\n<p>Dva r\u016fzn\u00e9 sv\u011bty, dva p\u0159\u00edstupy a p\u0159esto tolik spole\u010dn\u00e9ho. Dosavadn\u00ed kari\u00e9ru Audrey Nuna by \u0161lo rozd\u011blit na dv\u011b f\u00e1ze. Vyrostla v New Jersey jako Ameri\u010danka se siln\u00fdmi korejsk\u00fdmi ko\u0159eny a dlouho nev\u011bd\u011bla, kam pat\u0159\u00ed. Ze stereotypu p\u0159edm\u011bst\u00ed se vymanila a\u017e v dosp\u011blosti, kdy\u017e se p\u0159est\u011bhovala do New Yorku \u2013 a spolu s t\u00edm \u201eobjevila\u201c sv\u011bt i samu sebe. Po obdob\u00ed cover verz\u00ed, d\u00edky nim\u017e si j\u00ed v\u0161iml budouc\u00ed producent, p\u0159i\u0161la prvn\u00ed autorsk\u00e1 tvorba. Vznikala v podm\u00ednk\u00e1ch, kter\u00e9 m\u011bly ke studiu hodn\u011b daleko. V roce 2020 ale p\u0159i\u0161ly prvn\u00ed singly a pr\u016flom, podpo\u0159en\u00fd spolupracemi s rappery Sabou a Jackem Harlowem.<\/p>\n\n<figure class=\"wp-block-embed is-type-video is-provider-youtube wp-block-embed-youtube wp-embed-aspect-16-9 wp-has-aspect-ratio\"><div class=\"wp-block-embed__wrapper\">\n<iframe loading=\"lazy\" title=\"AUDREY NUNA - Mine (Official Music Video)\" width=\"500\" height=\"281\" src=\"https:\/\/www.youtube.com\/embed\/g6jZoGT4sCk?feature=oembed\" frameborder=\"0\" allow=\"accelerometer; autoplay; clipboard-write; encrypted-media; gyroscope; picture-in-picture; web-share\" referrerpolicy=\"strict-origin-when-cross-origin\" allowfullscreen><\/iframe>\n<\/div><\/figure>\n\n<p>Audrey Nuna vydala debut a liquid breakfast jako kolekci sv\u00fdch dosavadn\u00edch nahr\u00e1vek, sebedefinuj\u00edc\u00ed zvuk ale p\u0159edstavila a\u017e p\u0159ed dv\u011bma lety na dvojalbu TRENCH. Loni se jej\u00ed hlas dostal do \u00fapln\u011b jin\u00e9ho, poh\u00e1dkov\u00e9ho sv\u011bta \u2013 animovan\u00fd film K-pop: Lovkyn\u011b d\u00e9mon\u016f se kr\u00e1tce po premi\u00e9\u0159e stal celosv\u011btov\u00fdm hitem. P\u0159\u00edb\u011bh, vizu\u00e1l, propojen\u00ed asijsk\u00e9 a z\u00e1padn\u00ed kultury i siln\u00fd hudebn\u00ed doprovod sehr\u00e1ly z\u00e1sadn\u00ed roli, p\u0159i\u010dem\u017e pr\u00e1v\u011b Audrey prop\u016fj\u010dila zp\u011bv jedn\u00e9 z \u00fast\u0159edn\u00edch postav tria HUNTR\/X, zp\u011bva\u010dce Mi\u0159e. A n\u011bkde mezi t\u00edm v\u0161\u00edm z\u016fst\u00e1v\u00e1 pocit, \u017ee n\u011bkter\u00e9 sny se pln\u00ed p\u0159esn\u011b ve chv\u00edli, kdy na n\u011b \u010dlov\u011bk p\u0159estane \u010dekat \u2013 a \u017ee dal\u0161\u00ed kapitola t\u00e9hle cesty se te\u010f otev\u0159e i na Colours.<br\/><br\/><\/p>\n","protected":false},"excerpt":{"rendered":"<p>A demon hunter with a singular creative vision<\/p>\n","protected":false},"featured_media":11629,"menu_order":0,"template":"","meta":[],"program-year":[456],"program-category":[120],"program-genre":[331,486,258,262,460],"program-country":[186],"class_list":["post-11631","program","type-program","status-publish","has-post-thumbnail","hentry","program-category-music-programme","program-genre-asian-focus-en","program-genre-k-pop-en","program-genre-rnb-en","program-genre-rap-en","program-genre-soul-en","program-country-usa-en"],"yoast_head":"<!-- This site is optimized with the Yoast SEO plugin v25.3.1 - https:\/\/yoast.com\/wordpress\/plugins\/seo\/ -->\n<title>AUDREY NUNA - Colours of Ostrava<\/title>\n<meta name=\"robots\" content=\"index, follow, max-snippet:-1, max-image-preview:large, max-video-preview:-1\" \/>\n<link rel=\"canonical\" href=\"https:\/\/www.colours.cz\/en\/ucinkujici\/audrey-nuna\/\" \/>\n<meta property=\"og:locale\" content=\"en_US\" \/>\n<meta property=\"og:type\" content=\"article\" \/>\n<meta property=\"og:title\" content=\"AUDREY NUNA - Colours of Ostrava\" \/>\n<meta property=\"og:description\" content=\"A demon hunter with a singular creative vision\" \/>\n<meta property=\"og:url\" content=\"https:\/\/www.colours.cz\/en\/ucinkujici\/audrey-nuna\/\" \/>\n<meta property=\"og:site_name\" content=\"Colours of Ostrava\" \/>\n<meta property=\"article:modified_time\" content=\"2026-03-17T12:20:38+00:00\" \/>\n<meta property=\"og:image\" content=\"https:\/\/www.colours.cz\/wp-content\/uploads\/2026\/01\/AUDREYNUNA-scaled-e1769528515197.jpg\" \/>\n\t<meta property=\"og:image:width\" content=\"2560\" \/>\n\t<meta property=\"og:image:height\" content=\"1708\" \/>\n\t<meta property=\"og:image:type\" content=\"image\/jpeg\" \/>\n<meta name=\"twitter:card\" content=\"summary_large_image\" \/>\n<meta name=\"twitter:label1\" content=\"Est. reading time\" \/>\n\t<meta name=\"twitter:data1\" content=\"2 minutes\" \/>\n<!-- \/ Yoast SEO plugin. -->","yoast_head_json":{"title":"AUDREY NUNA - Colours of Ostrava","robots":{"index":"index","follow":"follow","max-snippet":"max-snippet:-1","max-image-preview":"max-image-preview:large","max-video-preview":"max-video-preview:-1"},"canonical":"https:\/\/www.colours.cz\/en\/ucinkujici\/audrey-nuna\/","og_locale":"en_US","og_type":"article","og_title":"AUDREY NUNA - Colours of Ostrava","og_description":"A demon hunter with a singular creative vision","og_url":"https:\/\/www.colours.cz\/en\/ucinkujici\/audrey-nuna\/","og_site_name":"Colours of Ostrava","article_modified_time":"2026-03-17T12:20:38+00:00","og_image":[{"width":2560,"height":1708,"url":"https:\/\/www.colours.cz\/wp-content\/uploads\/2026\/01\/AUDREYNUNA-scaled-e1769528515197.jpg","type":"image\/jpeg"}],"twitter_card":"summary_large_image","twitter_misc":{"Est. reading time":"2 minutes"},"schema":{"@context":"https:\/\/schema.org","@graph":[{"@type":"WebPage","@id":"https:\/\/www.colours.cz\/en\/ucinkujici\/audrey-nuna\/","url":"https:\/\/www.colours.cz\/en\/ucinkujici\/audrey-nuna\/","name":"AUDREY NUNA - Colours of Ostrava","isPartOf":{"@id":"https:\/\/www.colours.cz\/en\/#website"},"primaryImageOfPage":{"@id":"https:\/\/www.colours.cz\/en\/ucinkujici\/audrey-nuna\/#primaryimage"},"image":{"@id":"https:\/\/www.colours.cz\/en\/ucinkujici\/audrey-nuna\/#primaryimage"},"thumbnailUrl":"https:\/\/www.colours.cz\/wp-content\/uploads\/2026\/01\/AUDREYNUNA-scaled-e1769528515197.jpg","datePublished":"2026-01-28T16:02:00+00:00","dateModified":"2026-03-17T12:20:38+00:00","breadcrumb":{"@id":"https:\/\/www.colours.cz\/en\/ucinkujici\/audrey-nuna\/#breadcrumb"},"inLanguage":"en-US","potentialAction":[{"@type":"ReadAction","target":["https:\/\/www.colours.cz\/en\/ucinkujici\/audrey-nuna\/"]}]},{"@type":"ImageObject","inLanguage":"en-US","@id":"https:\/\/www.colours.cz\/en\/ucinkujici\/audrey-nuna\/#primaryimage","url":"https:\/\/www.colours.cz\/wp-content\/uploads\/2026\/01\/AUDREYNUNA-scaled-e1769528515197.jpg","contentUrl":"https:\/\/www.colours.cz\/wp-content\/uploads\/2026\/01\/AUDREYNUNA-scaled-e1769528515197.jpg","width":2560,"height":1708},{"@type":"BreadcrumbList","@id":"https:\/\/www.colours.cz\/en\/ucinkujici\/audrey-nuna\/#breadcrumb","itemListElement":[{"@type":"ListItem","position":1,"name":"Dom\u016f","item":"https:\/\/www.colours.cz\/en\/"},{"@type":"ListItem","position":2,"name":"AUDREY NUNA"}]},{"@type":"WebSite","@id":"https:\/\/www.colours.cz\/en\/#website","url":"https:\/\/www.colours.cz\/en\/","name":"Colours of Ostrava","description":"","potentialAction":[{"@type":"SearchAction","target":{"@type":"EntryPoint","urlTemplate":"https:\/\/www.colours.cz\/en\/?s={search_term_string}"},"query-input":{"@type":"PropertyValueSpecification","valueRequired":true,"valueName":"search_term_string"}}],"inLanguage":"en-US"}]}},"program-params-interpret-block-order":"360","program-params-thumbnail-mobile-id":"","program-params-sign-language-available":"0","program-params-timeline-description":"","program-tickets-not-included":"0","program-events-items-ids":[{"program-event-items-date-start":"16.07.2026 20:00","program-event-items-date-end":"","program-event-items-date-length":"0","program-event-items-place":"6471"}],"program-spotify-iframe":"","program-spotify-position":"center","program-socials-facebook":"","program-socials-youtube":"","program-socials-spotify":"","program-socials-instagram":"","program-socials-threads":"","program-socials-tiktok":"","program-socials-linkedin":"","program-gallery-items-ids":[{"program-items-url":"","program-items-title":"","program-items-description":"","program-items-duration":"","program-items-image-id":""}],"program-discover-title":"","program-discover-show-in-modal":"0","program-discover-items-ids":"","_links":{"self":[{"href":"https:\/\/www.colours.cz\/en\/wp-json\/wp\/v2\/program\/11631","targetHints":{"allow":["GET"]}}],"collection":[{"href":"https:\/\/www.colours.cz\/en\/wp-json\/wp\/v2\/program"}],"about":[{"href":"https:\/\/www.colours.cz\/en\/wp-json\/wp\/v2\/types\/program"}],"wp:featuredmedia":[{"embeddable":true,"href":"https:\/\/www.colours.cz\/en\/wp-json\/wp\/v2\/media\/11629"}],"wp:attachment":[{"href":"https:\/\/www.colours.cz\/en\/wp-json\/wp\/v2\/media?parent=11631"}],"wp:term":[{"taxonomy":"program-year","embeddable":true,"href":"https:\/\/www.colours.cz\/en\/wp-json\/wp\/v2\/program-year?post=11631"},{"taxonomy":"program-category","embeddable":true,"href":"https:\/\/www.colours.cz\/en\/wp-json\/wp\/v2\/program-category?post=11631"},{"taxonomy":"program-genre","embeddable":true,"href":"https:\/\/www.colours.cz\/en\/wp-json\/wp\/v2\/program-genre?post=11631"},{"taxonomy":"program-country","embeddable":true,"href":"https:\/\/www.colours.cz\/en\/wp-json\/wp\/v2\/program-country?post=11631"}],"curies":[{"name":"wp","href":"https:\/\/api.w.org\/{rel}","templated":true}]}}