{"id":10696,"date":"2025-11-12T12:38:17","date_gmt":"2025-11-12T11:38:17","guid":{"rendered":"https:\/\/www.colours.cz\/ucinkujici\/kirara\/"},"modified":"2026-03-16T14:02:15","modified_gmt":"2026-03-16T13:02:15","slug":"kirara","status":"publish","type":"program","link":"https:\/\/www.colours.cz\/en\/ucinkujici\/kirara\/","title":{"rendered":"KIRARA"},"content":{"rendered":"\n<figure class=\"wp-block-embed is-type-rich is-provider-spotify wp-block-embed-spotify wp-embed-aspect-21-9 wp-has-aspect-ratio\"><div class=\"wp-block-embed__wrapper\">\n<iframe title=\"Spotify Embed: KIRARA\" style=\"border-radius: 12px\" width=\"100%\" height=\"352\" frameborder=\"0\" allowfullscreen allow=\"autoplay; clipboard-write; encrypted-media; fullscreen; picture-in-picture\" loading=\"lazy\" src=\"https:\/\/open.spotify.com\/embed\/artist\/6Q4tDWdAQdRjV4pAuqiHQW?si=ac7tbXauT6-VSgbQaeRD3A&amp;utm_source=oembed\"><\/iframe>\n<\/div><\/figure>\n\n\n\n<p>When people think of South Korean electronic music, few imagine a name with the impact of Kirara. The Seoul-based producer breaks down prejudices, genres, and conventions, proving that electronic music can be tender, noisy, melancholic, and explosively energetic all at once. Active on the scene since 2014, she has released five studio albums so far\u2014from her debut&nbsp;<em>Rcts<\/em>, through the widely praised&nbsp;<em>Sarah<\/em>&nbsp;(2018), the critically acclaimed&nbsp;<em>4<\/em>&nbsp;released three years later, which confirmed her status as one of the most compelling figures of Korean alternative music, to her most recent self-titled record.<\/p>\n\n\n\n<figure class=\"wp-block-embed is-type-video is-provider-youtube wp-block-embed-youtube wp-embed-aspect-16-9 wp-has-aspect-ratio\"><div class=\"wp-block-embed__wrapper\">\n<iframe loading=\"lazy\" title=\"[EBS \uc2a4\ud398\uc774\uc2a4 \uacf5\uac10] \ubbf8\uacf5\uac1c \uc601\uc0c1 \ud0a4\ub77c\ub77c(KIRARA) - Wish\" width=\"500\" height=\"281\" src=\"https:\/\/www.youtube.com\/embed\/bZo65VgeDRU?feature=oembed\" frameborder=\"0\" allow=\"accelerometer; autoplay; clipboard-write; encrypted-media; gyroscope; picture-in-picture; web-share\" referrerpolicy=\"strict-origin-when-cross-origin\" allowfullscreen><\/iframe>\n<\/div><\/figure>\n\n\n\n<p>She describes her music as \u201cstrong and pretty\u201d\u2014and it truly is different. Rather than focusing on genres, Kirara works with emotion, and live she can pull off alone what other bands need four people to achieve. Every set becomes a storm of energy, rhythm, and light. If you want to keep your finger on the pulse of the moment, this is a performance not to miss\u2014uniqueness, in this case, is no overused adjective.<\/p>\n\n\n\n<p><\/p>\n","protected":false},"excerpt":{"rendered":"<p>Rewriting the rules of electronic music in a live performance by a hot Korean name<\/p>\n","protected":false},"featured_media":10074,"menu_order":0,"template":"","meta":[],"program-year":[456],"program-category":[120],"program-genre":[331,121],"program-country":[197],"class_list":["post-10696","program","type-program","status-publish","has-post-thumbnail","hentry","program-category-music-programme","program-genre-asian-focus-en","program-genre-electornic-en","program-country-jizni-korea-en"],"yoast_head":"<!-- This site is optimized with the Yoast SEO plugin v25.3.1 - https:\/\/yoast.com\/wordpress\/plugins\/seo\/ -->\n<title>KIRARA - Colours of Ostrava<\/title>\n<meta name=\"description\" content=\"P\u0159epsan\u00e1 pravidla elektroniky v \u017eiv\u00e9m proveden\u00ed \u017ehav\u00e9ho korejsk\u00e9ho jm\u00e9na na Colours of Ostrava 2026.\" \/>\n<meta name=\"robots\" content=\"index, follow, max-snippet:-1, max-image-preview:large, max-video-preview:-1\" \/>\n<link rel=\"canonical\" href=\"https:\/\/www.colours.cz\/en\/ucinkujici\/kirara\/\" \/>\n<meta property=\"og:locale\" content=\"en_US\" \/>\n<meta property=\"og:type\" content=\"article\" \/>\n<meta property=\"og:title\" content=\"KIRARA - Colours of Ostrava\" \/>\n<meta property=\"og:description\" content=\"P\u0159epsan\u00e1 pravidla elektroniky v \u017eiv\u00e9m proveden\u00ed \u017ehav\u00e9ho korejsk\u00e9ho jm\u00e9na na Colours of Ostrava 2026.\" \/>\n<meta property=\"og:url\" content=\"https:\/\/www.colours.cz\/en\/ucinkujici\/kirara\/\" \/>\n<meta property=\"og:site_name\" content=\"Colours of Ostrava\" \/>\n<meta property=\"article:modified_time\" content=\"2026-03-16T13:02:15+00:00\" \/>\n<meta property=\"og:image\" content=\"https:\/\/www.colours.cz\/wp-content\/uploads\/2025\/11\/1000061043-2-scaled.jpg\" \/>\n\t<meta property=\"og:image:width\" content=\"2560\" \/>\n\t<meta property=\"og:image:height\" content=\"1707\" \/>\n\t<meta property=\"og:image:type\" content=\"image\/jpeg\" \/>\n<meta name=\"twitter:card\" content=\"summary_large_image\" \/>\n<meta name=\"twitter:label1\" content=\"Est. reading time\" \/>\n\t<meta name=\"twitter:data1\" content=\"2 minutes\" \/>\n<!-- \/ Yoast SEO plugin. -->","yoast_head_json":{"title":"KIRARA - Colours of Ostrava","description":"P\u0159epsan\u00e1 pravidla elektroniky v \u017eiv\u00e9m proveden\u00ed \u017ehav\u00e9ho korejsk\u00e9ho jm\u00e9na na Colours of Ostrava 2026.","robots":{"index":"index","follow":"follow","max-snippet":"max-snippet:-1","max-image-preview":"max-image-preview:large","max-video-preview":"max-video-preview:-1"},"canonical":"https:\/\/www.colours.cz\/en\/ucinkujici\/kirara\/","og_locale":"en_US","og_type":"article","og_title":"KIRARA - Colours of Ostrava","og_description":"P\u0159epsan\u00e1 pravidla elektroniky v \u017eiv\u00e9m proveden\u00ed \u017ehav\u00e9ho korejsk\u00e9ho jm\u00e9na na Colours of Ostrava 2026.","og_url":"https:\/\/www.colours.cz\/en\/ucinkujici\/kirara\/","og_site_name":"Colours of Ostrava","article_modified_time":"2026-03-16T13:02:15+00:00","og_image":[{"width":2560,"height":1707,"url":"https:\/\/www.colours.cz\/wp-content\/uploads\/2025\/11\/1000061043-2-scaled.jpg","type":"image\/jpeg"}],"twitter_card":"summary_large_image","twitter_misc":{"Est. reading time":"2 minutes"},"schema":{"@context":"https:\/\/schema.org","@graph":[{"@type":"WebPage","@id":"https:\/\/www.colours.cz\/en\/ucinkujici\/kirara\/","url":"https:\/\/www.colours.cz\/en\/ucinkujici\/kirara\/","name":"KIRARA - Colours of Ostrava","isPartOf":{"@id":"https:\/\/www.colours.cz\/en\/#website"},"primaryImageOfPage":{"@id":"https:\/\/www.colours.cz\/en\/ucinkujici\/kirara\/#primaryimage"},"image":{"@id":"https:\/\/www.colours.cz\/en\/ucinkujici\/kirara\/#primaryimage"},"thumbnailUrl":"https:\/\/www.colours.cz\/wp-content\/uploads\/2025\/11\/1000061043-2-scaled.jpg","datePublished":"2025-11-12T11:38:17+00:00","dateModified":"2026-03-16T13:02:15+00:00","description":"P\u0159epsan\u00e1 pravidla elektroniky v \u017eiv\u00e9m proveden\u00ed \u017ehav\u00e9ho korejsk\u00e9ho jm\u00e9na na Colours of Ostrava 2026.","breadcrumb":{"@id":"https:\/\/www.colours.cz\/en\/ucinkujici\/kirara\/#breadcrumb"},"inLanguage":"en-US","potentialAction":[{"@type":"ReadAction","target":["https:\/\/www.colours.cz\/en\/ucinkujici\/kirara\/"]}]},{"@type":"ImageObject","inLanguage":"en-US","@id":"https:\/\/www.colours.cz\/en\/ucinkujici\/kirara\/#primaryimage","url":"https:\/\/www.colours.cz\/wp-content\/uploads\/2025\/11\/1000061043-2-scaled.jpg","contentUrl":"https:\/\/www.colours.cz\/wp-content\/uploads\/2025\/11\/1000061043-2-scaled.jpg","width":2560,"height":1707},{"@type":"BreadcrumbList","@id":"https:\/\/www.colours.cz\/en\/ucinkujici\/kirara\/#breadcrumb","itemListElement":[{"@type":"ListItem","position":1,"name":"Dom\u016f","item":"https:\/\/www.colours.cz\/en\/"},{"@type":"ListItem","position":2,"name":"KIRARA"}]},{"@type":"WebSite","@id":"https:\/\/www.colours.cz\/en\/#website","url":"https:\/\/www.colours.cz\/en\/","name":"Colours of Ostrava","description":"","potentialAction":[{"@type":"SearchAction","target":{"@type":"EntryPoint","urlTemplate":"https:\/\/www.colours.cz\/en\/?s={search_term_string}"},"query-input":{"@type":"PropertyValueSpecification","valueRequired":true,"valueName":"search_term_string"}}],"inLanguage":"en-US"}]}},"program-params-interpret-block-order":"300","program-params-thumbnail-mobile-id":"","program-params-sign-language-available":"0","program-params-timeline-description":"","program-tickets-not-included":"0","program-events-items-ids":[{"program-event-items-date-start":"16.07.2026 16:00","program-event-items-date-end":"","program-event-items-date-length":"0","program-event-items-place":"6480"}],"program-spotify-iframe":"","program-spotify-position":"center","program-socials-facebook":"","program-socials-youtube":"","program-socials-spotify":"","program-socials-instagram":"","program-socials-threads":"","program-socials-tiktok":"","program-socials-linkedin":"","program-gallery-items-ids":[{"program-items-url":"","program-items-title":"","program-items-description":"","program-items-duration":"","program-items-image-id":""}],"program-discover-title":"","program-discover-show-in-modal":"0","program-discover-items-ids":"","_links":{"self":[{"href":"https:\/\/www.colours.cz\/en\/wp-json\/wp\/v2\/program\/10696","targetHints":{"allow":["GET"]}}],"collection":[{"href":"https:\/\/www.colours.cz\/en\/wp-json\/wp\/v2\/program"}],"about":[{"href":"https:\/\/www.colours.cz\/en\/wp-json\/wp\/v2\/types\/program"}],"wp:featuredmedia":[{"embeddable":true,"href":"https:\/\/www.colours.cz\/en\/wp-json\/wp\/v2\/media\/10074"}],"wp:attachment":[{"href":"https:\/\/www.colours.cz\/en\/wp-json\/wp\/v2\/media?parent=10696"}],"wp:term":[{"taxonomy":"program-year","embeddable":true,"href":"https:\/\/www.colours.cz\/en\/wp-json\/wp\/v2\/program-year?post=10696"},{"taxonomy":"program-category","embeddable":true,"href":"https:\/\/www.colours.cz\/en\/wp-json\/wp\/v2\/program-category?post=10696"},{"taxonomy":"program-genre","embeddable":true,"href":"https:\/\/www.colours.cz\/en\/wp-json\/wp\/v2\/program-genre?post=10696"},{"taxonomy":"program-country","embeddable":true,"href":"https:\/\/www.colours.cz\/en\/wp-json\/wp\/v2\/program-country?post=10696"}],"curies":[{"name":"wp","href":"https:\/\/api.w.org\/{rel}","templated":true}]}}