{"id":1374,"date":"2025-02-10T14:45:07","date_gmt":"2025-02-10T13:45:07","guid":{"rendered":"https:\/\/www.colours.cz\/faq\/"},"modified":"2025-04-02T12:56:18","modified_gmt":"2025-04-02T10:56:18","slug":"faq-en","status":"publish","type":"page","link":"https:\/\/www.colours.cz\/en\/faq-en\/","title":{"rendered":"Faq"},"content":{"rendered":"<section class=\"base-section --none\">\n  <div class=\"base-section__container container-fluid\">\n        \n\n<header class=\"base-header d-flex flex-column gap-3 u-posr align-items-center justify-content-center   --color-primary\">\n\n      <div class=\"base-header__bg-img u-posa u-top-50-p u-left-50-p u-translate-middle w-100 h-100 u-z-index-negative\">\n      \n\n<div class=\"img u-posr overflow-hidden --cover    w-100\">\n  <picture>\n    \n    <img loading=\"lazy\" decoding=\"async\" src=\"\" data-src=\"https:\/\/www.colours.cz\/wp-content\/themes\/coloursofostrava\/images\/content\/base-header\/coo_26_motiv_vycisteny_compressed_fullhd.jpg\" alt=\"Faq - Colours of Ostrava\" width=\"1920\" height=\"214\" sizes=\"auto, (max-width: 480px) 480px, (max-width: 768px) 768px, (max-width: 1024px) 1024px, 1920px\" draggable=\"false\" srcset=\"\" data-srcset=\"https:\/\/www.colours.cz\/wp-content\/themes\/coloursofostrava\/images\/content\/base-header\/coo_26_motiv_vycisteny_compressed-480.webp 480w, https:\/\/www.colours.cz\/wp-content\/themes\/coloursofostrava\/images\/content\/base-header\/coo_26_motiv_vycisteny_compressed-960.webp 960w, https:\/\/www.colours.cz\/wp-content\/themes\/coloursofostrava\/images\/content\/base-header\/coo_26_motiv_vycisteny_compressed-768.webp 768w, https:\/\/www.colours.cz\/wp-content\/themes\/coloursofostrava\/images\/content\/base-header\/coo_26_motiv_vycisteny_compressed-1536.webp 1536w, https:\/\/www.colours.cz\/wp-content\/themes\/coloursofostrava\/images\/content\/base-header\/coo_26_motiv_vycisteny_compressed-1024.webp 1024w, https:\/\/www.colours.cz\/wp-content\/themes\/coloursofostrava\/images\/content\/base-header\/coo_26_motiv_vycisteny_compressed-2048.webp 2048w, https:\/\/www.colours.cz\/wp-content\/themes\/coloursofostrava\/images\/content\/base-header\/coo_26_motiv_vycisteny_compressed-1920.webp 1920w, https:\/\/www.colours.cz\/wp-content\/themes\/coloursofostrava\/images\/content\/base-header\/coo_26_motiv_vycisteny_compressed-2560.webp 2560w\">\n  <\/picture>\n<\/div>\n    <\/div>\n  \n      <h1 class=\"base-heading mb-0 text-uppercase  u-h1  --decorated\">\n            FAQ\n      <\/h1>\n  \n  \n  \n  \n\n<\/header>\n\n\n<div class=\"s-faqs__content --has-filters --primary\">\n    \n\n\n\n    <form class=\"base-form --validate --autosubmit  f-categories u-posr s-faq__form\" id=\"faq-category-filter-form\" method=\"GET\">\n            <div class=\"f-categories__grid d-flex gap-1 py-3 px-2 px-md-3\">\n                    <label class=\"f-checkbox d-inline-flex u-posr u-cursor-pointer --radio --pink btn --sm text-uppercase align-items-center justify-content-center f-checkbox__radio-button  gap-1 flex-shrink-0\">\n  <input class=\"f-checkbox__input u-posa pe-none opacity-0\" type=\"radio\" value=\"\" title=All name=faq-category>\n  <span class=\"f-checkbox__visual flex-shrink-0 d-flex align-items-center justify-content-center\">\n      <\/span>\n\n  \n  <div class=\"f-checkbox__body d-flex flex-column\">\n    <span class=\"f-checkbox__title\">\n              \n                      All\n          \n                \n          <\/span>\n\n      <\/div>\n\n  \n<\/label>\n                    <label class=\"f-checkbox d-inline-flex u-posr u-cursor-pointer --radio --pink btn --sm text-uppercase align-items-center justify-content-center f-checkbox__radio-button  gap-1 flex-shrink-0\">\n  <input class=\"f-checkbox__input u-posa pe-none opacity-0\" type=\"radio\" value=\"tickets\" title=Tickets name=faq-category>\n  <span class=\"f-checkbox__visual flex-shrink-0 d-flex align-items-center justify-content-center\">\n      <\/span>\n\n  \n  <div class=\"f-checkbox__body d-flex flex-column\">\n    <span class=\"f-checkbox__title\">\n              \n                      Tickets\n          \n                \n          <\/span>\n\n      <\/div>\n\n  \n<\/label>\n                    <label class=\"f-checkbox d-inline-flex u-posr u-cursor-pointer --radio --pink btn --sm text-uppercase align-items-center justify-content-center f-checkbox__radio-button  gap-1 flex-shrink-0\">\n  <input class=\"f-checkbox__input u-posa pe-none opacity-0\" type=\"radio\" value=\"practical\" title=Practical name=faq-category>\n  <span class=\"f-checkbox__visual flex-shrink-0 d-flex align-items-center justify-content-center\">\n      <\/span>\n\n  \n  <div class=\"f-checkbox__body d-flex flex-column\">\n    <span class=\"f-checkbox__title\">\n              \n                      Practical\n          \n                \n          <\/span>\n\n      <\/div>\n\n  \n<\/label>\n                    <label class=\"f-checkbox d-inline-flex u-posr u-cursor-pointer --radio --pink btn --sm text-uppercase align-items-center justify-content-center f-checkbox__radio-button  gap-1 flex-shrink-0\">\n  <input class=\"f-checkbox__input u-posa pe-none opacity-0\" type=\"radio\" value=\"accommodation\" title=Accommodation name=faq-category>\n  <span class=\"f-checkbox__visual flex-shrink-0 d-flex align-items-center justify-content-center\">\n      <\/span>\n\n  \n  <div class=\"f-checkbox__body d-flex flex-column\">\n    <span class=\"f-checkbox__title\">\n              \n                      Accommodation\n          \n                \n          <\/span>\n\n      <\/div>\n\n  \n<\/label>\n                    <label class=\"f-checkbox d-inline-flex u-posr u-cursor-pointer --radio --pink btn --sm text-uppercase align-items-center justify-content-center f-checkbox__radio-button  gap-1 flex-shrink-0\">\n  <input class=\"f-checkbox__input u-posa pe-none opacity-0\" type=\"radio\" value=\"foodanddrinks\" title=Food&#x20;&amp;amp&#x3B;&#x20;Drinks name=faq-category>\n  <span class=\"f-checkbox__visual flex-shrink-0 d-flex align-items-center justify-content-center\">\n      <\/span>\n\n  \n  <div class=\"f-checkbox__body d-flex flex-column\">\n    <span class=\"f-checkbox__title\">\n              \n                      Food &amp; Drinks\n          \n                \n          <\/span>\n\n      <\/div>\n\n  \n<\/label>\n                    <label class=\"f-checkbox d-inline-flex u-posr u-cursor-pointer --radio --pink btn --sm text-uppercase align-items-center justify-content-center f-checkbox__radio-button  gap-1 flex-shrink-0\">\n  <input class=\"f-checkbox__input u-posa pe-none opacity-0\" type=\"radio\" value=\"safety\" title=Safety name=faq-category>\n  <span class=\"f-checkbox__visual flex-shrink-0 d-flex align-items-center justify-content-center\">\n      <\/span>\n\n  \n  <div class=\"f-checkbox__body d-flex flex-column\">\n    <span class=\"f-checkbox__title\">\n              \n                      Safety\n          \n                \n          <\/span>\n\n      <\/div>\n\n  \n<\/label>\n                    <label class=\"f-checkbox d-inline-flex u-posr u-cursor-pointer --radio --pink btn --sm text-uppercase align-items-center justify-content-center f-checkbox__radio-button  gap-1 flex-shrink-0\">\n  <input class=\"f-checkbox__input u-posa pe-none opacity-0\" type=\"radio\" value=\"transport\" title=Transport&#x20;&amp;amp&#x3B;&#x20;Parking name=faq-category>\n  <span class=\"f-checkbox__visual flex-shrink-0 d-flex align-items-center justify-content-center\">\n      <\/span>\n\n  \n  <div class=\"f-checkbox__body d-flex flex-column\">\n    <span class=\"f-checkbox__title\">\n              \n                      Transport &amp; Parking\n          \n                \n          <\/span>\n\n      <\/div>\n\n  \n<\/label>\n                    <label class=\"f-checkbox d-inline-flex u-posr u-cursor-pointer --radio --pink btn --sm text-uppercase align-items-center justify-content-center f-checkbox__radio-button  gap-1 flex-shrink-0\">\n  <input class=\"f-checkbox__input u-posa pe-none opacity-0\" type=\"radio\" value=\"meltingpot-en\" title=Meltingpot name=faq-category>\n  <span class=\"f-checkbox__visual flex-shrink-0 d-flex align-items-center justify-content-center\">\n      <\/span>\n\n  \n  <div class=\"f-checkbox__body d-flex flex-column\">\n    <span class=\"f-checkbox__title\">\n              \n                      Meltingpot\n          \n                \n          <\/span>\n\n      <\/div>\n\n  \n<\/label>\n                    <label class=\"f-checkbox d-inline-flex u-posr u-cursor-pointer --radio --pink btn --sm text-uppercase align-items-center justify-content-center f-checkbox__radio-button  gap-1 flex-shrink-0\">\n  <input class=\"f-checkbox__input u-posa pe-none opacity-0\" type=\"radio\" value=\"merch-en\" title=Merch name=faq-category>\n  <span class=\"f-checkbox__visual flex-shrink-0 d-flex align-items-center justify-content-center\">\n      <\/span>\n\n  \n  <div class=\"f-checkbox__body d-flex flex-column\">\n    <span class=\"f-checkbox__title\">\n              \n                      Merch\n          \n                \n          <\/span>\n\n      <\/div>\n\n  \n<\/label>\n              <\/div>\n      <\/form>\n\n            <div class=\"s-faq__category --js-faq-category\" id=\"tickets\">\n      \n        <h2 class=\"base-heading mb-0 text-uppercase  u-h1  --decorated s-faq__category-title text-center u-border-bottom u-border-gray-500\">\n            Tickets\n      <\/h2>\n\n                    <div class=\"g-faqs d-flex flex-column\">\n          <article id=\"13345\" class=\"i-faq u-border-bottom u-border-gray-500\">\n  <div class=\"i-faq__content mx-auto\">\n    <header class=\"i-faq__header d-flex gap-2 px-2 py-3 u-posr u-cursor-pointer\">\n      <span class=\"i-faq__title d-block u-fw-900 u-fz-lg text-uppercase\">When will bookings for the Gong programme open?<\/span>\n\n      <div class=\"i-faq__toggler ms-auto flex-shrink-0\">\n          \n  <span class=\"icon d-flex align-items-center justify-content-center --colored --black --lg\">\n          <svg xmlns=\"http:\/\/www.w3.org\/2000\/svg\" width=\"24\" height=\"24\" fill=\"none\" viewBox=\"0 0 24 24\"><path fill=\"currentColor\" d=\"M22 8 12 18 2 8l1.775-1.775L12 14.45l8.225-8.225z\"\/><\/svg>      <\/span>\n      <\/div>\n    <\/header>\n\n    <div class=\"i-faq__body d-grid\">\n      <div class=\"i-faq__body-inner overflow-hidden\">\n        <div class=\"entry-content u-fz-lg pb-3 px-2\">\n          <p class=\"p1\">Reservations for V\u00edtkovice Gong Stage (main hall) are now open.<\/p>\n<p class=\"p2\">Reservations for Gong \u2013 small hall will open approximately one month before the festival.<\/p>\n\n        <\/div>\n      <\/div>\n    <\/div>\n  <\/div>\n\n<\/article>\n          <article id=\"11873\" class=\"i-faq u-border-bottom u-border-gray-500\">\n  <div class=\"i-faq__content mx-auto\">\n    <header class=\"i-faq__header d-flex gap-2 px-2 py-3 u-posr u-cursor-pointer\">\n      <span class=\"i-faq__title d-block u-fw-900 u-fz-lg text-uppercase\">Can I use the ISIC discount on tickets?<\/span>\n\n      <div class=\"i-faq__toggler ms-auto flex-shrink-0\">\n          \n  <span class=\"icon d-flex align-items-center justify-content-center --colored --black --lg\">\n          <svg xmlns=\"http:\/\/www.w3.org\/2000\/svg\" width=\"24\" height=\"24\" fill=\"none\" viewBox=\"0 0 24 24\"><path fill=\"currentColor\" d=\"M22 8 12 18 2 8l1.775-1.775L12 14.45l8.225-8.225z\"\/><\/svg>      <\/span>\n      <\/div>\n    <\/header>\n\n    <div class=\"i-faq__body d-grid\">\n      <div class=\"i-faq__body-inner overflow-hidden\">\n        <div class=\"entry-content u-fz-lg pb-3 px-2\">\n          <p class=\"p1\">Yes, if you have a valid ISIC, ITIC, IYTC or ALIVE card. The discount is CZK 600 on a 4-day ticket and CZK 200 on a 2-day ticket. The number of discount codes is limited.<\/p>\n<p class=\"p1\">You can generate your discount code in the AliveApp and enter it when purchasing your ticket on our website. One code can be used for one ticket.<\/p>\n\n        <\/div>\n      <\/div>\n    <\/div>\n  <\/div>\n\n<\/article>\n          <article id=\"11210\" class=\"i-faq u-border-bottom u-border-gray-500\">\n  <div class=\"i-faq__content mx-auto\">\n    <header class=\"i-faq__header d-flex gap-2 px-2 py-3 u-posr u-cursor-pointer\">\n      <span class=\"i-faq__title d-block u-fw-900 u-fz-lg text-uppercase\">Can I upgrade a 2-day ticket to a 4-day ticket?<\/span>\n\n      <div class=\"i-faq__toggler ms-auto flex-shrink-0\">\n          \n  <span class=\"icon d-flex align-items-center justify-content-center --colored --black --lg\">\n          <svg xmlns=\"http:\/\/www.w3.org\/2000\/svg\" width=\"24\" height=\"24\" fill=\"none\" viewBox=\"0 0 24 24\"><path fill=\"currentColor\" d=\"M22 8 12 18 2 8l1.775-1.775L12 14.45l8.225-8.225z\"\/><\/svg>      <\/span>\n      <\/div>\n    <\/header>\n\n    <div class=\"i-faq__body d-grid\">\n      <div class=\"i-faq__body-inner overflow-hidden\">\n        <div class=\"entry-content u-fz-lg pb-3 px-2\">\n          <p class=\"p3\"><span class=\"s2\">Yes. <\/span><b>A 2-day ticket can be easily upgraded to a 4-day ticket directly in its detail.<\/b><b><\/b><\/p>\n<p class=\"p3\"><b>How it works:<\/b><b><\/b><\/p>\n<ul>\n<li>\n<p class=\"p1\">Open your order details.<\/p>\n<\/li>\n<li>\n<p class=\"p1\">Click on the specific 2-day ticket.<\/p>\n<\/li>\n<li>\n<p class=\"p1\">Select <span class=\"s1\"><b>Upgrade<\/b><\/span>.<\/p>\n<\/li>\n<li>\n<p class=\"p1\">At checkout, the credit from your original ticket will be applied automatically and you will only pay the price difference.<\/p>\n<\/li>\n<\/ul>\n<p class=\"p4\">After completing the payment, your ticket will automatically change to a 4-day ticket.<\/p>\n<p class=\"p3\"><b>Note: <\/b>Each ticket can only be upgraded once.<\/p>\n<p class=\"p1\">\n\n        <\/div>\n      <\/div>\n    <\/div>\n  <\/div>\n\n<\/article>\n          <article id=\"10244\" class=\"i-faq u-border-bottom u-border-gray-500\">\n  <div class=\"i-faq__content mx-auto\">\n    <header class=\"i-faq__header d-flex gap-2 px-2 py-3 u-posr u-cursor-pointer\">\n      <span class=\"i-faq__title d-block u-fw-900 u-fz-lg text-uppercase\">Will one-day tickets be available this year?<\/span>\n\n      <div class=\"i-faq__toggler ms-auto flex-shrink-0\">\n          \n  <span class=\"icon d-flex align-items-center justify-content-center --colored --black --lg\">\n          <svg xmlns=\"http:\/\/www.w3.org\/2000\/svg\" width=\"24\" height=\"24\" fill=\"none\" viewBox=\"0 0 24 24\"><path fill=\"currentColor\" d=\"M22 8 12 18 2 8l1.775-1.775L12 14.45l8.225-8.225z\"\/><\/svg>      <\/span>\n      <\/div>\n    <\/header>\n\n    <div class=\"i-faq__body d-grid\">\n      <div class=\"i-faq__body-inner overflow-hidden\">\n        <div class=\"entry-content u-fz-lg pb-3 px-2\">\n          <p>One-day tickets will\u00a0not\u00a0be available this year. <strong>We\u2019ve just launched discounted two-day tickets for the special price of 2,990 CZK in a limited quantity<\/strong>. Once the first wave sells out, the price will gradually increase, so we recommend not waiting too long.<\/p>\n<p><span>\n  <a class=\"btn u-posr u-cursor-pointer u-border-none u-z-index-1 d-inline-flex gap-1 align-items-center justify-content-center flex-nowrap flex-shrink-0 user-select-none text-decoration-none text-uppercase --primary\" href='https:\/\/www.colours.cz\/en\/?vivenuopen=681e321e145e5646cc5486ca' target=\"_blank\">\n      <span class=\"btn__title text-center\">\n      Buy ticket\n    <\/span>\n  \n  <\/a>\n\n<\/span>\n<\/p>\n\n        <\/div>\n      <\/div>\n    <\/div>\n  <\/div>\n\n<\/article>\n          <article id=\"3374\" class=\"i-faq u-border-bottom u-border-gray-500\">\n  <div class=\"i-faq__content mx-auto\">\n    <header class=\"i-faq__header d-flex gap-2 px-2 py-3 u-posr u-cursor-pointer\">\n      <span class=\"i-faq__title d-block u-fw-900 u-fz-lg text-uppercase\">Where can I buy tickets?<\/span>\n\n      <div class=\"i-faq__toggler ms-auto flex-shrink-0\">\n          \n  <span class=\"icon d-flex align-items-center justify-content-center --colored --black --lg\">\n          <svg xmlns=\"http:\/\/www.w3.org\/2000\/svg\" width=\"24\" height=\"24\" fill=\"none\" viewBox=\"0 0 24 24\"><path fill=\"currentColor\" d=\"M22 8 12 18 2 8l1.775-1.775L12 14.45l8.225-8.225z\"\/><\/svg>      <\/span>\n      <\/div>\n    <\/header>\n\n    <div class=\"i-faq__body d-grid\">\n      <div class=\"i-faq__body-inner overflow-hidden\">\n        <div class=\"entry-content u-fz-lg pb-3 px-2\">\n          <p class=\"p1\"><strong>We recommend purchasing your Colours of Ostrava tickets online in advance<\/strong> \u2013 it\u2019s the easiest and most convenient option. <strong>During the festival, a ticket office will also operate at the main entrance <\/strong>to the Doln\u00ed V\u00edtkovice area, where you can buy regular tickets as well as tickets for visitors with ZTP and ZTP\/P cards<\/p>\n<p class=\"\" data-start=\"304\" data-end=\"550\"><strong>Only buy tickets through the official Colours of Ostrava website.<\/strong> We do not recommend purchasing from online marketplaces or resale platforms \u2013 this way, you can avoid issues with ticket authenticity and disappointment at the festival entrance.<\/p>\n<p class=\"\" data-start=\"304\" data-end=\"550\"><b>In December, you can also purchase printed four-day tickets at OC Forum Nov\u00e1 Karolina in Ostrava, <\/b>where our team will be available at a stand in front of the Luxor bookstore on selected Wednesdays. Our hostesses will issue your ticket on the spot and add a small gift as well.<\/p>\n<p><span>\n  <a class=\"btn u-posr u-cursor-pointer u-border-none u-z-index-1 d-inline-flex gap-1 align-items-center justify-content-center flex-nowrap flex-shrink-0 user-select-none text-decoration-none text-uppercase --primary\" href='https:\/\/www.colours.cz\/en\/vstupenky\/' target=\"_blank\">\n      <span class=\"btn__title text-center\">\n      Tickets\n    <\/span>\n  \n  <\/a>\n\n<\/span>\n<\/p>\n\n        <\/div>\n      <\/div>\n    <\/div>\n  <\/div>\n\n<\/article>\n          <article id=\"9760\" class=\"i-faq u-border-bottom u-border-gray-500\">\n  <div class=\"i-faq__content mx-auto\">\n    <header class=\"i-faq__header d-flex gap-2 px-2 py-3 u-posr u-cursor-pointer\">\n      <span class=\"i-faq__title d-block u-fw-900 u-fz-lg text-uppercase\">Can I buy tickets using benefit programs?<\/span>\n\n      <div class=\"i-faq__toggler ms-auto flex-shrink-0\">\n          \n  <span class=\"icon d-flex align-items-center justify-content-center --colored --black --lg\">\n          <svg xmlns=\"http:\/\/www.w3.org\/2000\/svg\" width=\"24\" height=\"24\" fill=\"none\" viewBox=\"0 0 24 24\"><path fill=\"currentColor\" d=\"M22 8 12 18 2 8l1.775-1.775L12 14.45l8.225-8.225z\"\/><\/svg>      <\/span>\n      <\/div>\n    <\/header>\n\n    <div class=\"i-faq__body d-grid\">\n      <div class=\"i-faq__body-inner overflow-hidden\">\n        <div class=\"entry-content u-fz-lg pb-3 px-2\">\n          <p>Yes! That&#8217;s a great idea. \ud83d\udc4c<\/p>\n<p>Currently, you can use benefit points from the <strong>Edenred<\/strong> and <strong>Up Benefity<\/strong> programs.<\/p>\n<p><strong>How to Use Your Benefit Points<\/strong><\/p>\n<ol>\n<li>Add your ticket to the cart<\/li>\n<li>Proceed to checkout<\/li>\n<li>Select &#8220;Card Payment&#8221;<\/li>\n<li>Enter your benefit card details<\/li>\n<\/ol>\n<p>We are also working on launching Benefit Plus and Pluxee soon\u2014follow us for the latest updates.<\/p>\n\n        <\/div>\n      <\/div>\n    <\/div>\n  <\/div>\n\n<\/article>\n          <article id=\"3355\" class=\"i-faq u-border-bottom u-border-gray-500\">\n  <div class=\"i-faq__content mx-auto\">\n    <header class=\"i-faq__header d-flex gap-2 px-2 py-3 u-posr u-cursor-pointer\">\n      <span class=\"i-faq__title d-block u-fw-900 u-fz-lg text-uppercase\">Will tickets be available on-site?<\/span>\n\n      <div class=\"i-faq__toggler ms-auto flex-shrink-0\">\n          \n  <span class=\"icon d-flex align-items-center justify-content-center --colored --black --lg\">\n          <svg xmlns=\"http:\/\/www.w3.org\/2000\/svg\" width=\"24\" height=\"24\" fill=\"none\" viewBox=\"0 0 24 24\"><path fill=\"currentColor\" d=\"M22 8 12 18 2 8l1.775-1.775L12 14.45l8.225-8.225z\"\/><\/svg>      <\/span>\n      <\/div>\n    <\/header>\n\n    <div class=\"i-faq__body d-grid\">\n      <div class=\"i-faq__body-inner overflow-hidden\">\n        <div class=\"entry-content u-fz-lg pb-3 px-2\">\n          <article class=\"w-full text-token-text-primary\" dir=\"auto\" data-testid=\"conversation-turn-10\" data-scroll-anchor=\"true\">\n<div class=\"text-base my-auto mx-auto py-5 px-6\">\n<div class=\"mx-auto flex flex-1 text-base gap-4 md:gap-5 lg:gap-6 md:max-w-3xl lg:max-w-[40rem] xl:max-w-[48rem] group\/turn-messages focus-visible:outline-none\" tabindex=\"-1\">\n<div class=\"group\/conversation-turn relative flex w-full min-w-0 flex-col agent-turn @xs\/thread:px-0 @sm\/thread:px-1.5 @md\/thread:px-4\">\n<div class=\"relative flex-col gap-1 md:gap-3\">\n<div class=\"flex max-w-full flex-col flex-grow\">\n<div class=\"min-h-8 text-message relative flex w-full flex-col items-end gap-2 whitespace-normal break-words text-start [.text-message+&amp;]:mt-5\" dir=\"auto\" data-message-author-role=\"assistant\" data-message-id=\"af983a6b-162c-4d62-9dce-24b8edb702b4\" data-message-model-slug=\"gpt-4o\">\n<div class=\"flex w-full flex-col gap-1 empty:hidden first:pt-[3px]\">\n<div class=\"markdown prose w-full break-words dark:prose-invert light\">\n<p class=\"p1\">During the festival,<strong> tickets will also be available at the ticket office located at the main entrance<\/strong> to the Doln\u00ed V\u00edtkovice area. You can purchase both regular tickets and discounted tickets for visitors with ZTP or ZTP\/P cards (1,490 CZK). Payment is possible by card only.<\/p>\n<p class=\"p1\"><strong>Online ticket sales will remain available throughout the entire festival.<\/strong><\/p>\n<\/div>\n<\/div>\n<\/div>\n<\/div>\n<div class=\"flex justify-start\">\n<div class=\"-me-1 -ms-2.5 flex select-none items-center p-1 touch:-me-2 touch:-ms-3.5 -mt-1 duration-[1.5s] focus-within:transition-none hover:transition-none pointer-events-none [mask-image:linear-gradient(to_right,black_33%,transparent_66%)] [mask-position:100%_0%] [mask-size:300%_100%] motion-safe:transition-[mask-position] group-hover\/turn-messages:pointer-events-auto group-hover\/turn-messages:[mask-position:0_0] group-focus-within\/turn-messages:pointer-events-auto group-focus-within\/turn-messages:[mask-position:0_0] has-[[data-state=open]]:pointer-events-auto has-[[data-state=open]]:[mask-position:0_0]\"><\/div>\n<\/div>\n<div class=\"mt-3 w-full empty:hidden\">\n<div class=\"text-center\"><\/div>\n<\/div>\n<\/div>\n<div class=\"absolute\">\n<div class=\"flex items-center justify-center\"><\/div>\n<\/div>\n<\/div>\n<\/div>\n<\/div>\n<\/article>\n<div class=\"pointer-events-none h-px w-px\" aria-hidden=\"true\" data-edge=\"true\"><\/div>\n<div id=\"1741089709.704169\" class=\"c-virtual_list__item\" tabindex=\"-1\" role=\"listitem\" aria-setsize=\"-1\" data-qa=\"virtual-list-item\" data-item-key=\"1741089709.704169\">\n<div class=\"c-message_kit__background p-message_pane_message__message c-message_kit__message\" role=\"presentation\" data-qa=\"message_container\" data-qa-unprocessed=\"false\" data-qa-placeholder=\"false\">\n<div class=\"c-message_kit__hover\" role=\"document\" aria-roledescription=\"message\" data-qa-hover=\"true\">\n<div class=\"c-message_kit__actions c-message_kit__actions--above\">\n<div class=\"c-message_kit__gutter\">\n<div class=\"c-message_kit__gutter__left\" role=\"presentation\"><\/div>\n<\/div>\n<\/div>\n<\/div>\n<\/div>\n<\/div>\n\n        <\/div>\n      <\/div>\n    <\/div>\n  <\/div>\n\n<\/article>\n          <article id=\"4308\" class=\"i-faq u-border-bottom u-border-gray-500\">\n  <div class=\"i-faq__content mx-auto\">\n    <header class=\"i-faq__header d-flex gap-2 px-2 py-3 u-posr u-cursor-pointer\">\n      <span class=\"i-faq__title d-block u-fw-900 u-fz-lg text-uppercase\">How can I reserve a seat for the theatre?<\/span>\n\n      <div class=\"i-faq__toggler ms-auto flex-shrink-0\">\n          \n  <span class=\"icon d-flex align-items-center justify-content-center --colored --black --lg\">\n          <svg xmlns=\"http:\/\/www.w3.org\/2000\/svg\" width=\"24\" height=\"24\" fill=\"none\" viewBox=\"0 0 24 24\"><path fill=\"currentColor\" d=\"M22 8 12 18 2 8l1.775-1.775L12 14.45l8.225-8.225z\"\/><\/svg>      <\/span>\n      <\/div>\n    <\/header>\n\n    <div class=\"i-faq__body d-grid\">\n      <div class=\"i-faq__body-inner overflow-hidden\">\n        <div class=\"entry-content u-fz-lg pb-3 px-2\">\n          <p data-start=\"108\" data-end=\"282\">Visitors to Colours of Ostrava 2026 with a valid festival ticket will be able to reserve a theatre. Reservations will be launched at the turn of May and June 2026.<\/p>\n<p>&nbsp;<\/p>\n\n        <\/div>\n      <\/div>\n    <\/div>\n  <\/div>\n\n<\/article>\n          <article id=\"3319\" class=\"i-faq u-border-bottom u-border-gray-500\">\n  <div class=\"i-faq__content mx-auto\">\n    <header class=\"i-faq__header d-flex gap-2 px-2 py-3 u-posr u-cursor-pointer\">\n      <span class=\"i-faq__title d-block u-fw-900 u-fz-lg text-uppercase\">How do you identify yourself at the entrance to the festival?<\/span>\n\n      <div class=\"i-faq__toggler ms-auto flex-shrink-0\">\n          \n  <span class=\"icon d-flex align-items-center justify-content-center --colored --black --lg\">\n          <svg xmlns=\"http:\/\/www.w3.org\/2000\/svg\" width=\"24\" height=\"24\" fill=\"none\" viewBox=\"0 0 24 24\"><path fill=\"currentColor\" d=\"M22 8 12 18 2 8l1.775-1.775L12 14.45l8.225-8.225z\"\/><\/svg>      <\/span>\n      <\/div>\n    <\/header>\n\n    <div class=\"i-faq__body d-grid\">\n      <div class=\"i-faq__body-inner overflow-hidden\">\n        <div class=\"entry-content u-fz-lg pb-3 px-2\">\n          <p>To enter the Colours of Ostrava venue, you must exchange your ticket for an identification wristband, which you will need to show each time you enter the festival grounds.<\/p>\n<p><strong>Do not remove your wristband under any circumstances until the end of the festival. If you leave the venue and plan to return the same day, you must check out at the gate by tapping the chip on your wristband against the reader\u2014just like you did when entering the venue.<\/strong><\/p>\n<p>If you are unable to present a valid wristband, you will not be allowed entry into the festival grounds.<\/p>\n<p>All visitors are required to comply with the Terms and Conditions of Festival Attendance.<\/p>\n<p class=\"p1\"><b>We are currently preparing up-to-date information on where and how you will be able to exchange your tickets for wristbands before the festival.<\/b><\/p>\n\n        <\/div>\n      <\/div>\n    <\/div>\n  <\/div>\n\n<\/article>\n          <article id=\"3317\" class=\"i-faq u-border-bottom u-border-gray-500\">\n  <div class=\"i-faq__content mx-auto\">\n    <header class=\"i-faq__header d-flex gap-2 px-2 py-3 u-posr u-cursor-pointer\">\n      <span class=\"i-faq__title d-block u-fw-900 u-fz-lg text-uppercase\">Is it true that seniors aged 65 and over have free admission to the festival on Saturday?<\/span>\n\n      <div class=\"i-faq__toggler ms-auto flex-shrink-0\">\n          \n  <span class=\"icon d-flex align-items-center justify-content-center --colored --black --lg\">\n          <svg xmlns=\"http:\/\/www.w3.org\/2000\/svg\" width=\"24\" height=\"24\" fill=\"none\" viewBox=\"0 0 24 24\"><path fill=\"currentColor\" d=\"M22 8 12 18 2 8l1.775-1.775L12 14.45l8.225-8.225z\"\/><\/svg>      <\/span>\n      <\/div>\n    <\/header>\n\n    <div class=\"i-faq__body d-grid\">\n      <div class=\"i-faq__body-inner overflow-hidden\">\n        <div class=\"entry-content u-fz-lg pb-3 px-2\">\n          <p>Yes, just like every year, all visitors aged 65 and over have free admission to the festival on Saturday. All they need to do is present a valid ID at the entrance.<\/p>\n\n        <\/div>\n      <\/div>\n    <\/div>\n  <\/div>\n\n<\/article>\n      <\/div>\n              <\/div>\n              <div class=\"s-faq__category --js-faq-category\" id=\"practical\">\n      \n        <h2 class=\"base-heading mb-0 text-uppercase  u-h1  --decorated s-faq__category-title text-center u-border-bottom u-border-gray-500\">\n            Practical\n      <\/h2>\n\n                    <div class=\"g-faqs d-flex flex-column\">\n          <article id=\"13491\" class=\"i-faq u-border-bottom u-border-gray-500\">\n  <div class=\"i-faq__content mx-auto\">\n    <header class=\"i-faq__header d-flex gap-2 px-2 py-3 u-posr u-cursor-pointer\">\n      <span class=\"i-faq__title d-block u-fw-900 u-fz-lg text-uppercase\">When should I arrive at the festival?<\/span>\n\n      <div class=\"i-faq__toggler ms-auto flex-shrink-0\">\n          \n  <span class=\"icon d-flex align-items-center justify-content-center --colored --black --lg\">\n          <svg xmlns=\"http:\/\/www.w3.org\/2000\/svg\" width=\"24\" height=\"24\" fill=\"none\" viewBox=\"0 0 24 24\"><path fill=\"currentColor\" d=\"M22 8 12 18 2 8l1.775-1.775L12 14.45l8.225-8.225z\"\/><\/svg>      <\/span>\n      <\/div>\n    <\/header>\n\n    <div class=\"i-faq__body d-grid\">\n      <div class=\"i-faq__body-inner overflow-hidden\">\n        <div class=\"entry-content u-fz-lg pb-3 px-2\">\n          <p class=\"p1\">The festival gates open on Wednesday, July 15, 2026, at 12:00.<\/p>\n<p class=\"p1\">We recommend arriving about an hour before opening, around 11:00. Arriving earlier is not necessary and won\u2019t give you any advantage.<\/p>\n<p class=\"p1\">Before the gates open, the area will still be busy with suppliers and vendors setting up, so please avoid long waiting or \u201ccamping\u201d near the entrances. This helps ensure a smooth setup and a safe start to the festival.<\/p>\n<p class=\"p2\">We\u2019re looking forward to seeing you.<\/p>\n\n        <\/div>\n      <\/div>\n    <\/div>\n  <\/div>\n\n<\/article>\n          <article id=\"3367\" class=\"i-faq u-border-bottom u-border-gray-500\">\n  <div class=\"i-faq__content mx-auto\">\n    <header class=\"i-faq__header d-flex gap-2 px-2 py-3 u-posr u-cursor-pointer\">\n      <span class=\"i-faq__title d-block u-fw-900 u-fz-lg text-uppercase\">What are the opening hours of the festival grounds?<\/span>\n\n      <div class=\"i-faq__toggler ms-auto flex-shrink-0\">\n          \n  <span class=\"icon d-flex align-items-center justify-content-center --colored --black --lg\">\n          <svg xmlns=\"http:\/\/www.w3.org\/2000\/svg\" width=\"24\" height=\"24\" fill=\"none\" viewBox=\"0 0 24 24\"><path fill=\"currentColor\" d=\"M22 8 12 18 2 8l1.775-1.775L12 14.45l8.225-8.225z\"\/><\/svg>      <\/span>\n      <\/div>\n    <\/header>\n\n    <div class=\"i-faq__body d-grid\">\n      <div class=\"i-faq__body-inner overflow-hidden\">\n        <div class=\"entry-content u-fz-lg pb-3 px-2\">\n          <p><strong>Opening hours of the Colours of Ostrava 2026 festival grounds:<\/strong><\/p>\n<ul>\n<li><strong>Wednesday<\/strong>, July 15, 2026: 12:00 PM \u2013 2:30 AM<\/li>\n<li><strong>Thursday<\/strong>, July 16, 2026: 11:00 AM \u2013 2:30 AM<\/li>\n<li><strong>Friday<\/strong>, July 17, 2026: 11:00 AM \u2013 4:00 AM<\/li>\n<li><strong>Saturday<\/strong>, July 18, 2026: 11:00 AM \u2013 4:00 AM<\/li>\n<\/ul>\n\n        <\/div>\n      <\/div>\n    <\/div>\n  <\/div>\n\n<\/article>\n          <article id=\"3376\" class=\"i-faq u-border-bottom u-border-gray-500\">\n  <div class=\"i-faq__content mx-auto\">\n    <header class=\"i-faq__header d-flex gap-2 px-2 py-3 u-posr u-cursor-pointer\">\n      <span class=\"i-faq__title d-block u-fw-900 u-fz-lg text-uppercase\">Is the festival accessible for people with reduced mobility?<\/span>\n\n      <div class=\"i-faq__toggler ms-auto flex-shrink-0\">\n          \n  <span class=\"icon d-flex align-items-center justify-content-center --colored --black --lg\">\n          <svg xmlns=\"http:\/\/www.w3.org\/2000\/svg\" width=\"24\" height=\"24\" fill=\"none\" viewBox=\"0 0 24 24\"><path fill=\"currentColor\" d=\"M22 8 12 18 2 8l1.775-1.775L12 14.45l8.225-8.225z\"\/><\/svg>      <\/span>\n      <\/div>\n    <\/header>\n\n    <div class=\"i-faq__body d-grid\">\n      <div class=\"i-faq__body-inner overflow-hidden\">\n        <div class=\"entry-content u-fz-lg pb-3 px-2\">\n          <p class=\"\" data-start=\"0\" data-end=\"268\">Absolutely yes. As part of the <strong>Colours Without Barriers<\/strong> project, we make it easier for visitors with reduced mobility to enjoy the festival without worries, allowing them to fully experience the music and other programs in the barrier-free area of Doln\u00ed V\u00edtkovice.<\/p>\n<p class=\"\" data-start=\"270\" data-end=\"636\">For several years now, our standard services have included a discounted ticket price for holders of ZTP and ZTP\/P disability cards, free admission for an accompanying person with a ZTP\/P card, special viewing platforms, a Colours Without Barriers Chill-out Zone, barrier-free transportation within the city of Ostrava, and the option to book a trained assistant.<\/p>\n<p><span>\n  <a class=\"btn u-posr u-cursor-pointer u-border-none u-z-index-1 d-inline-flex gap-1 align-items-center justify-content-center flex-nowrap flex-shrink-0 user-select-none text-decoration-none text-uppercase --primary\" href='https:\/\/www.colours.cz\/en\/about-festival\/general-information\/colours-without-barriers\/' target=\"_blank\">\n      <span class=\"btn__title text-center\">\n      MORE\n    <\/span>\n  \n  <\/a>\n\n<\/span>\n<\/p>\n\n        <\/div>\n      <\/div>\n    <\/div>\n  <\/div>\n\n<\/article>\n          <article id=\"3371\" class=\"i-faq u-border-bottom u-border-gray-500\">\n  <div class=\"i-faq__content mx-auto\">\n    <header class=\"i-faq__header d-flex gap-2 px-2 py-3 u-posr u-cursor-pointer\">\n      <span class=\"i-faq__title d-block u-fw-900 u-fz-lg text-uppercase\">Are children allowed at the festival?<\/span>\n\n      <div class=\"i-faq__toggler ms-auto flex-shrink-0\">\n          \n  <span class=\"icon d-flex align-items-center justify-content-center --colored --black --lg\">\n          <svg xmlns=\"http:\/\/www.w3.org\/2000\/svg\" width=\"24\" height=\"24\" fill=\"none\" viewBox=\"0 0 24 24\"><path fill=\"currentColor\" d=\"M22 8 12 18 2 8l1.775-1.775L12 14.45l8.225-8.225z\"\/><\/svg>      <\/span>\n      <\/div>\n    <\/header>\n\n    <div class=\"i-faq__body d-grid\">\n      <div class=\"i-faq__body-inner overflow-hidden\">\n        <div class=\"entry-content u-fz-lg pb-3 px-2\">\n          <p>Of course. Entertainment for our young visitors will be provided by the <strong>\u010cEZ Family Park<\/strong>, which was created with the support of <a href=\"https:\/\/www.nadacecez.cz\/en\" target=\"_blank\" rel=\"noopener\">Nadace \u010cEZ<\/a>. Children can look forward to a packed schedule of music and theater performances, as well as sports and creative workshops.<\/p>\n<p>Parents of infants will find full support at the Nursing Tent. Throughout the entire festival, it will offer a peaceful space for relaxation and care for the little ones. Microwaves, kettles, and\u2014last but not least\u2014hygiene essentials provided by <a href=\"https:\/\/cz.pg.com\/\" target=\"_blank\" rel=\"noopener\">Procter &amp; Gamble<\/a>\u00a0will be available.<\/p>\n<p class=\"\" data-start=\"0\" data-end=\"225\">Families can also take advantage of childcare services provided by trained professionals full of energy. This service is available from the festival gates opening until 8 PM. Childcare is subject to a fee of 100 CZK per hour.<\/p>\n<p class=\"\" data-start=\"227\" data-end=\"304\">Additionally, children under 140 cm in height get free entry to the festival.<\/p>\n\n        <\/div>\n      <\/div>\n    <\/div>\n  <\/div>\n\n<\/article>\n          <article id=\"3369\" class=\"i-faq u-border-bottom u-border-gray-500\">\n  <div class=\"i-faq__content mx-auto\">\n    <header class=\"i-faq__header d-flex gap-2 px-2 py-3 u-posr u-cursor-pointer\">\n      <span class=\"i-faq__title d-block u-fw-900 u-fz-lg text-uppercase\">Are dogs allowed at the festival?<\/span>\n\n      <div class=\"i-faq__toggler ms-auto flex-shrink-0\">\n          \n  <span class=\"icon d-flex align-items-center justify-content-center --colored --black --lg\">\n          <svg xmlns=\"http:\/\/www.w3.org\/2000\/svg\" width=\"24\" height=\"24\" fill=\"none\" viewBox=\"0 0 24 24\"><path fill=\"currentColor\" d=\"M22 8 12 18 2 8l1.775-1.775L12 14.45l8.225-8.225z\"\/><\/svg>      <\/span>\n      <\/div>\n    <\/header>\n\n    <div class=\"i-faq__body d-grid\">\n      <div class=\"i-faq__body-inner overflow-hidden\">\n        <div class=\"entry-content u-fz-lg pb-3 px-2\">\n          <p><strong>No, they are not.<\/strong> Although we\u2019re big fans of pets, we kindly ask you to leave your four-legged friends at home. Dogs are not allowed in the festival area. The only exception is for assistance dogs for people with physical disabilities.<\/p>\n\n        <\/div>\n      <\/div>\n    <\/div>\n  <\/div>\n\n<\/article>\n          <article id=\"3365\" class=\"i-faq u-border-bottom u-border-gray-500\">\n  <div class=\"i-faq__content mx-auto\">\n    <header class=\"i-faq__header d-flex gap-2 px-2 py-3 u-posr u-cursor-pointer\">\n      <span class=\"i-faq__title d-block u-fw-900 u-fz-lg text-uppercase\">What should I bring to the festival?<\/span>\n\n      <div class=\"i-faq__toggler ms-auto flex-shrink-0\">\n          \n  <span class=\"icon d-flex align-items-center justify-content-center --colored --black --lg\">\n          <svg xmlns=\"http:\/\/www.w3.org\/2000\/svg\" width=\"24\" height=\"24\" fill=\"none\" viewBox=\"0 0 24 24\"><path fill=\"currentColor\" d=\"M22 8 12 18 2 8l1.775-1.775L12 14.45l8.225-8.225z\"\/><\/svg>      <\/span>\n      <\/div>\n    <\/header>\n\n    <div class=\"i-faq__body d-grid\">\n      <div class=\"i-faq__body-inner overflow-hidden\">\n        <div class=\"entry-content u-fz-lg pb-3 px-2\">\n          <p>Besides a good mood, don\u2019t forget to bring, for example:<\/p>\n<ul>\n<li>ID card or passport<\/li>\n<li>Health insurance card<\/li>\n<li>Personal medications and hygiene essentials<\/li>\n<li>Sturdy shoes (the venue is large, and you&#8217;ll do a lot of walking)<\/li>\n<li>Your ticket<\/li>\n<li>Sun protection \u2013 a hat, sunscreen<\/li>\n<li>Clothing suitable for both hot days and cool nights<\/li>\n<li>A raincoat (leave umbrellas at home \u2013 they are not allowed inside the venue)<\/li>\n<li>Sleeping bag, tent, and sleeping mat if you&#8217;re staying at the campsite<\/li>\n<li>Phone charger<\/li>\n<\/ul>\n<p>We recommend leaving valuables like jewelry, laptops, cameras, or expensive mobile phones <strong>at home<\/strong>.<\/p>\n\n        <\/div>\n      <\/div>\n    <\/div>\n  <\/div>\n\n<\/article>\n          <article id=\"3363\" class=\"i-faq u-border-bottom u-border-gray-500\">\n  <div class=\"i-faq__content mx-auto\">\n    <header class=\"i-faq__header d-flex gap-2 px-2 py-3 u-posr u-cursor-pointer\">\n      <span class=\"i-faq__title d-block u-fw-900 u-fz-lg text-uppercase\">Is it better to pay by card or in cash at the festival?<\/span>\n\n      <div class=\"i-faq__toggler ms-auto flex-shrink-0\">\n          \n  <span class=\"icon d-flex align-items-center justify-content-center --colored --black --lg\">\n          <svg xmlns=\"http:\/\/www.w3.org\/2000\/svg\" width=\"24\" height=\"24\" fill=\"none\" viewBox=\"0 0 24 24\"><path fill=\"currentColor\" d=\"M22 8 12 18 2 8l1.775-1.775L12 14.45l8.225-8.225z\"\/><\/svg>      <\/span>\n      <\/div>\n    <\/header>\n\n    <div class=\"i-faq__body d-grid\">\n      <div class=\"i-faq__body-inner overflow-hidden\">\n        <div class=\"entry-content u-fz-lg pb-3 px-2\">\n          <p>This year\u2019s Colours of Ostrava will once again be <strong>completely cashless<\/strong>. Payments throughout the festival grounds can be made using standard payment cards such as VISA or Mastercard, as well as via phones or smartwatches. <strong>We will not be accepting cash at all<\/strong> \u2013 not even at food stalls. Several previous editions have confirmed that card payments are the fastest and most convenient option, even at a music festival.<\/p>\n<p><strong>For those of you who don\u2019t own a payment card or happen to forget yours at home, we\u2019ve arranged the option to purchase a prepaid card. These cards will be valid only during the festival and exclusively within the festival grounds.<\/strong><\/p>\n<p><span>\n  <a class=\"btn u-posr u-cursor-pointer u-border-none u-z-index-1 d-inline-flex gap-1 align-items-center justify-content-center flex-nowrap flex-shrink-0 user-select-none text-decoration-none text-uppercase --primary\" href='https:\/\/www.colours.cz\/en\/about-festival\/general-information\/cashless-colours\/' target=\"_blank\">\n      <span class=\"btn__title text-center\">\n      MORE\n    <\/span>\n  \n  <\/a>\n\n<\/span>\n<\/p>\n<p>&nbsp;<\/p>\n\n        <\/div>\n      <\/div>\n    <\/div>\n  <\/div>\n\n<\/article>\n          <article id=\"3337\" class=\"i-faq u-border-bottom u-border-gray-500\">\n  <div class=\"i-faq__content mx-auto\">\n    <header class=\"i-faq__header d-flex gap-2 px-2 py-3 u-posr u-cursor-pointer\">\n      <span class=\"i-faq__title d-block u-fw-900 u-fz-lg text-uppercase\">What to do if you lose your personal belongings?<\/span>\n\n      <div class=\"i-faq__toggler ms-auto flex-shrink-0\">\n          \n  <span class=\"icon d-flex align-items-center justify-content-center --colored --black --lg\">\n          <svg xmlns=\"http:\/\/www.w3.org\/2000\/svg\" width=\"24\" height=\"24\" fill=\"none\" viewBox=\"0 0 24 24\"><path fill=\"currentColor\" d=\"M22 8 12 18 2 8l1.775-1.775L12 14.45l8.225-8.225z\"\/><\/svg>      <\/span>\n      <\/div>\n    <\/header>\n\n    <div class=\"i-faq__body d-grid\">\n      <div class=\"i-faq__body-inner overflow-hidden\">\n        <div class=\"entry-content u-fz-lg pb-3 px-2\">\n          <p class=\"\" data-start=\"0\" data-end=\"201\">Have you lost something during the festival? All found items are collected at the <strong>info point in front of the main gate<\/strong>. If you have lost or found something, stop by, and we\u2019ll be happy to assist you. After the festival, all lost and found items will be handed over to the V\u00edtkovice District Office. The transfer will take place one week after the festival gates close.<\/p>\n<p class=\"\" data-start=\"375\" data-end=\"515\">To prevent losing your personal belongings, you can <strong>use the 24\/7 storage service<\/strong> located at the main entrance to the Doln\u00ed V\u00edtkovice area.<\/p>\n\n        <\/div>\n      <\/div>\n    <\/div>\n  <\/div>\n\n<\/article>\n          <article id=\"3341\" class=\"i-faq u-border-bottom u-border-gray-500\">\n  <div class=\"i-faq__content mx-auto\">\n    <header class=\"i-faq__header d-flex gap-2 px-2 py-3 u-posr u-cursor-pointer\">\n      <span class=\"i-faq__title d-block u-fw-900 u-fz-lg text-uppercase\">Are there charging stations for phones at the festival?<\/span>\n\n      <div class=\"i-faq__toggler ms-auto flex-shrink-0\">\n          \n  <span class=\"icon d-flex align-items-center justify-content-center --colored --black --lg\">\n          <svg xmlns=\"http:\/\/www.w3.org\/2000\/svg\" width=\"24\" height=\"24\" fill=\"none\" viewBox=\"0 0 24 24\"><path fill=\"currentColor\" d=\"M22 8 12 18 2 8l1.775-1.775L12 14.45l8.225-8.225z\"\/><\/svg>      <\/span>\n      <\/div>\n    <\/header>\n\n    <div class=\"i-faq__body d-grid\">\n      <div class=\"i-faq__body-inner overflow-hidden\">\n        <div class=\"entry-content u-fz-lg pb-3 px-2\">\n          <article class=\"w-full text-token-text-primary\" dir=\"auto\" data-testid=\"conversation-turn-24\" data-scroll-anchor=\"true\">\n<div class=\"text-base my-auto mx-auto py-5 px-6\">\n<div class=\"mx-auto flex flex-1 text-base gap-4 md:gap-5 lg:gap-6 md:max-w-3xl lg:max-w-[40rem] xl:max-w-[48rem] group\/turn-messages focus-visible:outline-none\" tabindex=\"-1\">\n<div class=\"group\/conversation-turn relative flex w-full min-w-0 flex-col agent-turn @xs\/thread:px-0 @sm\/thread:px-1.5 @md\/thread:px-4\">\n<div class=\"relative flex-col gap-1 md:gap-3\">\n<div class=\"flex max-w-full flex-col flex-grow\">\n<div class=\"min-h-8 text-message relative flex w-full flex-col items-end gap-2 whitespace-normal break-words text-start [.text-message+&amp;]:mt-5\" dir=\"auto\" data-message-author-role=\"assistant\" data-message-id=\"acd61c42-97be-4036-9d3a-ce244fa789a7\" data-message-model-slug=\"gpt-4o\">\n<div class=\"flex w-full flex-col gap-1 empty:hidden first:pt-[3px]\">\n<div class=\"markdown prose w-full break-words dark:prose-invert light\">\n<p>Charging stations will be available at several locations around the festival grounds, where you can rent a Brick power bank with integrated cables for USB-C, micro-USB and Lightning for Apple.<\/p>\n<p>Detailed instructions and pricing for the power bank can be found in the link below.<\/p>\n<\/div>\n<p>&nbsp;<\/p>\n<div class=\"markdown prose w-full break-words dark:prose-invert light\">\n<p><span>\n  <a class=\"btn u-posr u-cursor-pointer u-border-none u-z-index-1 d-inline-flex gap-1 align-items-center justify-content-center flex-nowrap flex-shrink-0 user-select-none text-decoration-none text-uppercase --primary\" href='https:\/\/www.colours.cz\/en\/charging-stations\/' target=\"_blank\">\n      <span class=\"btn__title text-center\">\n      charging stations\n    <\/span>\n  \n  <\/a>\n\n<\/span>\n<\/p>\n<\/div>\n<\/div>\n<\/div>\n<\/div>\n<\/div>\n<\/div>\n<\/div>\n<\/div>\n<\/article>\n\n        <\/div>\n      <\/div>\n    <\/div>\n  <\/div>\n\n<\/article>\n          <article id=\"3343\" class=\"i-faq u-border-bottom u-border-gray-500\">\n  <div class=\"i-faq__content mx-auto\">\n    <header class=\"i-faq__header d-flex gap-2 px-2 py-3 u-posr u-cursor-pointer\">\n      <span class=\"i-faq__title d-block u-fw-900 u-fz-lg text-uppercase\">Is a map available for better orientation at the festival?<\/span>\n\n      <div class=\"i-faq__toggler ms-auto flex-shrink-0\">\n          \n  <span class=\"icon d-flex align-items-center justify-content-center --colored --black --lg\">\n          <svg xmlns=\"http:\/\/www.w3.org\/2000\/svg\" width=\"24\" height=\"24\" fill=\"none\" viewBox=\"0 0 24 24\"><path fill=\"currentColor\" d=\"M22 8 12 18 2 8l1.775-1.775L12 14.45l8.225-8.225z\"\/><\/svg>      <\/span>\n      <\/div>\n    <\/header>\n\n    <div class=\"i-faq__body d-grid\">\n      <div class=\"i-faq__body-inner overflow-hidden\">\n        <div class=\"entry-content u-fz-lg pb-3 px-2\">\n          <p class=\"p1\">For easier navigation around the festival grounds, we recommend downloading the Colours of Ostrava app, which includes an interactive map. If you prefer a physical version, we will add it here for download and printing soon \u2014 it will appear on this page as soon as it\u2019s ready.<\/p>\n<p><span>\n  <a class=\"btn u-posr u-cursor-pointer u-border-none u-z-index-1 d-inline-flex gap-1 align-items-center justify-content-center flex-nowrap flex-shrink-0 user-select-none text-decoration-none text-uppercase --primary\" href='https:\/\/apps.apple.com\/us\/app\/colours-of-ostrava\/id1394787924' target=\"_blank\">\n      <span class=\"btn__title text-center\">\n      APP FOR IOS\n    <\/span>\n  \n  <\/a>\n\n<\/span>\n<\/p>\n<p><span>\n  <a class=\"btn u-posr u-cursor-pointer u-border-none u-z-index-1 d-inline-flex gap-1 align-items-center justify-content-center flex-nowrap flex-shrink-0 user-select-none text-decoration-none text-uppercase --primary\" href='https:\/\/play.google.com\/store\/apps\/details?id=com.greencopper.coloursofostrava' target=\"_blank\">\n      <span class=\"btn__title text-center\">\n      APP FOR GOOGLE PLAY\n    <\/span>\n  \n  <\/a>\n\n<\/span>\n<\/p>\n\n        <\/div>\n      <\/div>\n    <\/div>\n  <\/div>\n\n<\/article>\n          <article id=\"3322\" class=\"i-faq u-border-bottom u-border-gray-500\">\n  <div class=\"i-faq__content mx-auto\">\n    <header class=\"i-faq__header d-flex gap-2 px-2 py-3 u-posr u-cursor-pointer\">\n      <span class=\"i-faq__title d-block u-fw-900 u-fz-lg text-uppercase\">Can I work at the festival?<\/span>\n\n      <div class=\"i-faq__toggler ms-auto flex-shrink-0\">\n          \n  <span class=\"icon d-flex align-items-center justify-content-center --colored --black --lg\">\n          <svg xmlns=\"http:\/\/www.w3.org\/2000\/svg\" width=\"24\" height=\"24\" fill=\"none\" viewBox=\"0 0 24 24\"><path fill=\"currentColor\" d=\"M22 8 12 18 2 8l1.775-1.775L12 14.45l8.225-8.225z\"\/><\/svg>      <\/span>\n      <\/div>\n    <\/header>\n\n    <div class=\"i-faq__body d-grid\">\n      <div class=\"i-faq__body-inner overflow-hidden\">\n        <div class=\"entry-content u-fz-lg pb-3 px-2\">\n          <p class=\"p1\">We usually open recruitment in February, when volunteer registrations also begin. Our collaborations with seasonal staff are already in place, but if any additional positions become available, we will let you know.<\/p>\n\n        <\/div>\n      <\/div>\n    <\/div>\n  <\/div>\n\n<\/article>\n          <article id=\"3324\" class=\"i-faq u-border-bottom u-border-gray-500\">\n  <div class=\"i-faq__content mx-auto\">\n    <header class=\"i-faq__header d-flex gap-2 px-2 py-3 u-posr u-cursor-pointer\">\n      <span class=\"i-faq__title d-block u-fw-900 u-fz-lg text-uppercase\">Can I sell my products at the festival?<\/span>\n\n      <div class=\"i-faq__toggler ms-auto flex-shrink-0\">\n          \n  <span class=\"icon d-flex align-items-center justify-content-center --colored --black --lg\">\n          <svg xmlns=\"http:\/\/www.w3.org\/2000\/svg\" width=\"24\" height=\"24\" fill=\"none\" viewBox=\"0 0 24 24\"><path fill=\"currentColor\" d=\"M22 8 12 18 2 8l1.775-1.775L12 14.45l8.225-8.225z\"\/><\/svg>      <\/span>\n      <\/div>\n    <\/header>\n\n    <div class=\"i-faq__body d-grid\">\n      <div class=\"i-faq__body-inner overflow-hidden\">\n        <div class=\"entry-content u-fz-lg pb-3 px-2\">\n          <p>Applications for stall sales for this year&#8217;s event are <strong>already closed<\/strong>. Thank you for your interest! If you have any questions, feel free to contact us. <a class=\"c-link\" href=\"mailto:stanky@colours.cz\" target=\"_blank\" rel=\"noopener noreferrer\" data-stringify-link=\"mailto:stanky@colours.cz\" data-sk=\"tooltip_parent\" aria-haspopup=\"menu\">stanky@colours.cz<\/a><\/p>\n\n        <\/div>\n      <\/div>\n    <\/div>\n  <\/div>\n\n<\/article>\n          <article id=\"3321\" class=\"i-faq u-border-bottom u-border-gray-500\">\n  <div class=\"i-faq__content mx-auto\">\n    <header class=\"i-faq__header d-flex gap-2 px-2 py-3 u-posr u-cursor-pointer\">\n      <span class=\"i-faq__title d-block u-fw-900 u-fz-lg text-uppercase\">Am I allowed to take photos and record videos at the festival?<\/span>\n\n      <div class=\"i-faq__toggler ms-auto flex-shrink-0\">\n          \n  <span class=\"icon d-flex align-items-center justify-content-center --colored --black --lg\">\n          <svg xmlns=\"http:\/\/www.w3.org\/2000\/svg\" width=\"24\" height=\"24\" fill=\"none\" viewBox=\"0 0 24 24\"><path fill=\"currentColor\" d=\"M22 8 12 18 2 8l1.775-1.775L12 14.45l8.225-8.225z\"\/><\/svg>      <\/span>\n      <\/div>\n    <\/header>\n\n    <div class=\"i-faq__body d-grid\">\n      <div class=\"i-faq__body-inner overflow-hidden\">\n        <div class=\"entry-content u-fz-lg pb-3 px-2\">\n          <p>Due to the requirements of the main headliners, the use of cameras and video equipment during the festival is subject to strict regulations.<\/p>\n<p><strong>Photo<\/strong><\/p>\n<p>At the festival, photography with professional cameras is <strong>only permitted for accredited photographers<\/strong> who are working for selected media outlets (marked as PHOTO and VIP PHOTO). Visitors are only allowed to bring non-professional automatic cameras\u2014compact cameras that cannot be used with an external flash. The main distinguishing feature is the lens size: compact camera vs. DSLR with a large protruding or detachable lens. During headliner performances, photography <strong>is strictly prohibited.<\/strong> This measure is in place due to contractual agreements and restrictions set by some performers, particularly the headliners.<\/p>\n<p><strong>Video\u00a0<\/strong><\/p>\n<p>Recording video or using any other format <strong>is strictly prohibited<\/strong>. The only exception is for pre-accredited film crews. Anyone who violates these rules may disrupt the performance of certain artists.<\/p>\n\n        <\/div>\n      <\/div>\n    <\/div>\n  <\/div>\n\n<\/article>\n      <\/div>\n              <\/div>\n              <div class=\"s-faq__category --js-faq-category\" id=\"accommodation\">\n      \n        <h2 class=\"base-heading mb-0 text-uppercase  u-h1  --decorated s-faq__category-title text-center u-border-bottom u-border-gray-500\">\n            Accommodation\n      <\/h2>\n\n                    <div class=\"g-faqs d-flex flex-column\">\n          <article id=\"11666\" class=\"i-faq u-border-bottom u-border-gray-500\">\n  <div class=\"i-faq__content mx-auto\">\n    <header class=\"i-faq__header d-flex gap-2 px-2 py-3 u-posr u-cursor-pointer\">\n      <span class=\"i-faq__title d-block u-fw-900 u-fz-lg text-uppercase\">Is the Tent Inn ticket per person or per tent?<\/span>\n\n      <div class=\"i-faq__toggler ms-auto flex-shrink-0\">\n          \n  <span class=\"icon d-flex align-items-center justify-content-center --colored --black --lg\">\n          <svg xmlns=\"http:\/\/www.w3.org\/2000\/svg\" width=\"24\" height=\"24\" fill=\"none\" viewBox=\"0 0 24 24\"><path fill=\"currentColor\" d=\"M22 8 12 18 2 8l1.775-1.775L12 14.45l8.225-8.225z\"\/><\/svg>      <\/span>\n      <\/div>\n    <\/header>\n\n    <div class=\"i-faq__body d-grid\">\n      <div class=\"i-faq__body-inner overflow-hidden\">\n        <div class=\"entry-content u-fz-lg pb-3 px-2\">\n          <p class=\"p1\">The Tent Inn ticket is <span class=\"s1\"><b>always valid for the entire tent<\/b><\/span>, not per person.<\/p>\n<p class=\"p1\">You are purchasing <span class=\"s1\">one accommodation for 2, 3, or 4 people<\/span>, depending on the tent type \u2013 not individual tickets for each person.<\/p>\n<p class=\"p1\">The number of guests is determined by the tent size and <span class=\"s1\">is already included in the price<\/span>.<\/p>\n<p><span>\n  <a class=\"btn u-posr u-cursor-pointer u-border-none u-z-index-1 d-inline-flex gap-1 align-items-center justify-content-center flex-nowrap flex-shrink-0 user-select-none text-decoration-none text-uppercase --primary\" href='https:\/\/vstupenky.colours.cz\/event\/681e321e145e5646cc5486ca?useEmbed=true&amp;_gl=1*su15so*_gcl_au*MTE1OTc5ODUyMS4xNzY3Njk1MzAzLjg0ODcwNjM0Ny4xNzY5NjA3OTQ4LjE3Njk2MDc5NDg.*_ga*MTkxMjMzMzk1NC4xNzU5OTE4NDk5*_ga_3N2GYXR1Z4*czE3NzAwMjU5NzMkbzE2MSRnMSR0MTc3MDAyNjkxMiRqNTEkbDAkaDA.*_ga_H0VBEZWE2M*czE3NzAwMjU5NzMkbzE2MSRnMSR0MTc3MDAyNjkxMiRqNTEkbDAkaDA.' target=\"_blank\">\n      <span class=\"btn__title text-center\">\n      BOOK MY CAMP SPOT\n    <\/span>\n  \n  <\/a>\n\n<\/span>\n<\/p>\n\n        <\/div>\n      <\/div>\n    <\/div>\n  <\/div>\n\n<\/article>\n          <article id=\"3359\" class=\"i-faq u-border-bottom u-border-gray-500\">\n  <div class=\"i-faq__content mx-auto\">\n    <header class=\"i-faq__header d-flex gap-2 px-2 py-3 u-posr u-cursor-pointer\">\n      <span class=\"i-faq__title d-block u-fw-900 u-fz-lg text-uppercase\">How can I book accommodation?<\/span>\n\n      <div class=\"i-faq__toggler ms-auto flex-shrink-0\">\n          \n  <span class=\"icon d-flex align-items-center justify-content-center --colored --black --lg\">\n          <svg xmlns=\"http:\/\/www.w3.org\/2000\/svg\" width=\"24\" height=\"24\" fill=\"none\" viewBox=\"0 0 24 24\"><path fill=\"currentColor\" d=\"M22 8 12 18 2 8l1.775-1.775L12 14.45l8.225-8.225z\"\/><\/svg>      <\/span>\n      <\/div>\n    <\/header>\n\n    <div class=\"i-faq__body d-grid\">\n      <div class=\"i-faq__body-inner overflow-hidden\">\n        <div class=\"entry-content u-fz-lg pb-3 px-2\">\n          <p class=\"p1\"><b>Good news: all festival accommodation options are now on sale. <\/b><b><\/b>You can choose between the <span class=\"s1\"><b>basic campsite<\/b><\/span>, the <span class=\"s1\"><b>Chill Village glamping area<\/b><\/span>, or settle straight into our comfortable <span class=\"s1\"><b>Tent Inn<\/b><\/span>.<\/p>\n<p>If you prefer accommodation in a guesthouse or hotel, we recommend contacting these establishments directly. To make your choice easier, we\u2019ve put together a <a href=\"https:\/\/www.colours.cz\/en\/accommodation\/hotels\/\">list of the nearest ones.<\/a><\/p>\n<p><span>\n  <a class=\"btn u-posr u-cursor-pointer u-border-none u-z-index-1 d-inline-flex gap-1 align-items-center justify-content-center flex-nowrap flex-shrink-0 user-select-none text-decoration-none text-uppercase --primary\" href='https:\/\/www.colours.cz\/en\/?vivenuopen=681e321e145e5646cc5486ca' target=\"_blank\">\n      <span class=\"btn__title text-center\">\n      BOOK YOUR CAMPSITE\n    <\/span>\n  \n  <\/a>\n\n<\/span>\n<\/p>\n\n        <\/div>\n      <\/div>\n    <\/div>\n  <\/div>\n\n<\/article>\n          <article id=\"3333\" class=\"i-faq u-border-bottom u-border-gray-500\">\n  <div class=\"i-faq__content mx-auto\">\n    <header class=\"i-faq__header d-flex gap-2 px-2 py-3 u-posr u-cursor-pointer\">\n      <span class=\"i-faq__title d-block u-fw-900 u-fz-lg text-uppercase\">What does the accommodation at the campsite look like?<\/span>\n\n      <div class=\"i-faq__toggler ms-auto flex-shrink-0\">\n          \n  <span class=\"icon d-flex align-items-center justify-content-center --colored --black --lg\">\n          <svg xmlns=\"http:\/\/www.w3.org\/2000\/svg\" width=\"24\" height=\"24\" fill=\"none\" viewBox=\"0 0 24 24\"><path fill=\"currentColor\" d=\"M22 8 12 18 2 8l1.775-1.775L12 14.45l8.225-8.225z\"\/><\/svg>      <\/span>\n      <\/div>\n    <\/header>\n\n    <div class=\"i-faq__body d-grid\">\n      <div class=\"i-faq__body-inner overflow-hidden\">\n        <div class=\"entry-content u-fz-lg pb-3 px-2\">\n          <p><strong>Basic campsite<\/strong> offers the most affordable accommodation for those bringing their own tent. The <strong data-start=\"115\" data-end=\"132\">Tent Inn Camp<\/strong> ensures hassle-free comfort with pre-pitched tents. The <strong data-start=\"189\" data-end=\"211\">Chill Village Camp<\/strong> provides a glamping experience with plenty of space for a peaceful sleep and relaxation.<\/p>\n<p><span>\n  <a class=\"btn u-posr u-cursor-pointer u-border-none u-z-index-1 d-inline-flex gap-1 align-items-center justify-content-center flex-nowrap flex-shrink-0 user-select-none text-decoration-none text-uppercase --primary\" href='https:\/\/www.colours.cz\/en\/accommodation\/camps\/' target=\"_blank\">\n      <span class=\"btn__title text-center\">\n      CAMPS\n    <\/span>\n  \n  <\/a>\n\n<\/span>\n<\/p>\n\n        <\/div>\n      <\/div>\n    <\/div>\n  <\/div>\n\n<\/article>\n          <article id=\"3329\" class=\"i-faq u-border-bottom u-border-gray-500\">\n  <div class=\"i-faq__content mx-auto\">\n    <header class=\"i-faq__header d-flex gap-2 px-2 py-3 u-posr u-cursor-pointer\">\n      <span class=\"i-faq__title d-block u-fw-900 u-fz-lg text-uppercase\">What services can we expect at the campsite?<\/span>\n\n      <div class=\"i-faq__toggler ms-auto flex-shrink-0\">\n          \n  <span class=\"icon d-flex align-items-center justify-content-center --colored --black --lg\">\n          <svg xmlns=\"http:\/\/www.w3.org\/2000\/svg\" width=\"24\" height=\"24\" fill=\"none\" viewBox=\"0 0 24 24\"><path fill=\"currentColor\" d=\"M22 8 12 18 2 8l1.775-1.775L12 14.45l8.225-8.225z\"\/><\/svg>      <\/span>\n      <\/div>\n    <\/header>\n\n    <div class=\"i-faq__body d-grid\">\n      <div class=\"i-faq__body-inner overflow-hidden\">\n        <div class=\"entry-content u-fz-lg pb-3 px-2\">\n          <p class=\"\" data-start=\"0\" data-end=\"122\">In each of our festival campsites, you\u2019ll find everything you need for a comfortable and hassle-free camping experience.<\/p>\n<p class=\"\" data-start=\"124\" data-end=\"354\">Available services include a 24\/7 reception, mobile showers and toilets, luggage storage, and food stalls. Additionally, you can use a designated area with refrigerators and microwaves, a small grocery store, and a coffee stand.<\/p>\n<p class=\"\" data-start=\"356\" data-end=\"541\">\n\n        <\/div>\n      <\/div>\n    <\/div>\n  <\/div>\n\n<\/article>\n          <article id=\"3327\" class=\"i-faq u-border-bottom u-border-gray-500\">\n  <div class=\"i-faq__content mx-auto\">\n    <header class=\"i-faq__header d-flex gap-2 px-2 py-3 u-posr u-cursor-pointer\">\n      <span class=\"i-faq__title d-block u-fw-900 u-fz-lg text-uppercase\">Are caravans or motorhomes allowed?<\/span>\n\n      <div class=\"i-faq__toggler ms-auto flex-shrink-0\">\n          \n  <span class=\"icon d-flex align-items-center justify-content-center --colored --black --lg\">\n          <svg xmlns=\"http:\/\/www.w3.org\/2000\/svg\" width=\"24\" height=\"24\" fill=\"none\" viewBox=\"0 0 24 24\"><path fill=\"currentColor\" d=\"M22 8 12 18 2 8l1.775-1.775L12 14.45l8.225-8.225z\"\/><\/svg>      <\/span>\n      <\/div>\n    <\/header>\n\n    <div class=\"i-faq__body d-grid\">\n      <div class=\"i-faq__body-inner overflow-hidden\">\n        <div class=\"entry-content u-fz-lg pb-3 px-2\">\n          <p>Yes. For more information about renting a caravan or motorhome parking space, visit the campsites section at the link below and select <strong>Basic campsite.<\/strong><\/p>\n<p><span>\n  <a class=\"btn u-posr u-cursor-pointer u-border-none u-z-index-1 d-inline-flex gap-1 align-items-center justify-content-center flex-nowrap flex-shrink-0 user-select-none text-decoration-none text-uppercase --primary\" href='https:\/\/www.colours.cz\/en\/accommodation\/camps\/' target=\"_blank\">\n      <span class=\"btn__title text-center\">\n      Campsite\n    <\/span>\n  \n  <\/a>\n\n<\/span>\n<\/p>\n\n        <\/div>\n      <\/div>\n    <\/div>\n  <\/div>\n\n<\/article>\n      <\/div>\n              <\/div>\n              <div class=\"s-faq__category --js-faq-category\" id=\"foodanddrinks\">\n      \n        <h2 class=\"base-heading mb-0 text-uppercase  u-h1  --decorated s-faq__category-title text-center u-border-bottom u-border-gray-500\">\n            Food &amp; Drinks\n      <\/h2>\n\n                    <div class=\"g-faqs d-flex flex-column\">\n          <article id=\"3335\" class=\"i-faq u-border-bottom u-border-gray-500\">\n  <div class=\"i-faq__content mx-auto\">\n    <header class=\"i-faq__header d-flex gap-2 px-2 py-3 u-posr u-cursor-pointer\">\n      <span class=\"i-faq__title d-block u-fw-900 u-fz-lg text-uppercase\">Can I bring my own food and drinks to the festival?<\/span>\n\n      <div class=\"i-faq__toggler ms-auto flex-shrink-0\">\n          \n  <span class=\"icon d-flex align-items-center justify-content-center --colored --black --lg\">\n          <svg xmlns=\"http:\/\/www.w3.org\/2000\/svg\" width=\"24\" height=\"24\" fill=\"none\" viewBox=\"0 0 24 24\"><path fill=\"currentColor\" d=\"M22 8 12 18 2 8l1.775-1.775L12 14.45l8.225-8.225z\"\/><\/svg>      <\/span>\n      <\/div>\n    <\/header>\n\n    <div class=\"i-faq__body d-grid\">\n      <div class=\"i-faq__body-inner overflow-hidden\">\n        <div class=\"entry-content u-fz-lg pb-3 px-2\">\n          <p class=\"\" data-start=\"0\" data-end=\"231\">Bringing your drinks into the festival area is <strong>not allowed<\/strong>. We believe you will find something to enjoy from the wide selection of food and beverages available at the official stalls. <strong>Free drinking water<\/strong> is available on-site.<\/p>\n<p class=\"\" data-start=\"233\" data-end=\"316\">However, you are <strong>allowed to bring your food and drinks into the camping area<\/strong>.<\/p>\n\n        <\/div>\n      <\/div>\n    <\/div>\n  <\/div>\n\n<\/article>\n          <article id=\"3331\" class=\"i-faq u-border-bottom u-border-gray-500\">\n  <div class=\"i-faq__content mx-auto\">\n    <header class=\"i-faq__header d-flex gap-2 px-2 py-3 u-posr u-cursor-pointer\">\n      <span class=\"i-faq__title d-block u-fw-900 u-fz-lg text-uppercase\">Can I bring my own food and alcohol to the campsite?<\/span>\n\n      <div class=\"i-faq__toggler ms-auto flex-shrink-0\">\n          \n  <span class=\"icon d-flex align-items-center justify-content-center --colored --black --lg\">\n          <svg xmlns=\"http:\/\/www.w3.org\/2000\/svg\" width=\"24\" height=\"24\" fill=\"none\" viewBox=\"0 0 24 24\"><path fill=\"currentColor\" d=\"M22 8 12 18 2 8l1.775-1.775L12 14.45l8.225-8.225z\"\/><\/svg>      <\/span>\n      <\/div>\n    <\/header>\n\n    <div class=\"i-faq__body d-grid\">\n      <div class=\"i-faq__body-inner overflow-hidden\">\n        <div class=\"entry-content u-fz-lg pb-3 px-2\">\n          <p>Yes, bringing your food and drinks into the tent city is allowed.<\/p>\n\n        <\/div>\n      <\/div>\n    <\/div>\n  <\/div>\n\n<\/article>\n      <\/div>\n              <\/div>\n              <div class=\"s-faq__category --js-faq-category\" id=\"safety\">\n      \n        <h2 class=\"base-heading mb-0 text-uppercase  u-h1  --decorated s-faq__category-title text-center u-border-bottom u-border-gray-500\">\n            Safety\n      <\/h2>\n\n                    <div class=\"g-faqs d-flex flex-column\">\n          <article id=\"3339\" class=\"i-faq u-border-bottom u-border-gray-500\">\n  <div class=\"i-faq__content mx-auto\">\n    <header class=\"i-faq__header d-flex gap-2 px-2 py-3 u-posr u-cursor-pointer\">\n      <span class=\"i-faq__title d-block u-fw-900 u-fz-lg text-uppercase\">Will there be medical services or first aid on-site?<\/span>\n\n      <div class=\"i-faq__toggler ms-auto flex-shrink-0\">\n          \n  <span class=\"icon d-flex align-items-center justify-content-center --colored --black --lg\">\n          <svg xmlns=\"http:\/\/www.w3.org\/2000\/svg\" width=\"24\" height=\"24\" fill=\"none\" viewBox=\"0 0 24 24\"><path fill=\"currentColor\" d=\"M22 8 12 18 2 8l1.775-1.775L12 14.45l8.225-8.225z\"\/><\/svg>      <\/span>\n      <\/div>\n    <\/header>\n\n    <div class=\"i-faq__body d-grid\">\n      <div class=\"i-faq__body-inner overflow-hidden\">\n        <div class=\"entry-content u-fz-lg pb-3 px-2\">\n          <p>A medical service is available on-site, providing basic treatment if needed.<\/p>\n<p><strong>A 24\/7 emergency hotline for the festival area is available at +420 739 80 70 20.<\/strong><\/p>\n<p>There are <strong data-start=\"315\" data-end=\"340\">five medical stations<\/strong> located at:<\/p>\n<ul>\n<li class=\"\" data-start=\"355\" data-end=\"388\">\n<p class=\"\" data-start=\"357\" data-end=\"388\">Station 1 \u2013 Main Entrance<\/p>\n<\/li>\n<li class=\"\" data-start=\"389\" data-end=\"431\">\n<p class=\"\" data-start=\"391\" data-end=\"431\">Station 2 \u2013 \u010cesk\u00e1 spo\u0159itelna Stage<\/p>\n<\/li>\n<li class=\"\" data-start=\"432\" data-end=\"467\">\n<p class=\"\" data-start=\"434\" data-end=\"467\">Station 3 \u2013 \u010cEZ Family Park<\/p>\n<\/li>\n<li class=\"\" data-start=\"468\" data-end=\"492\">\n<p class=\"\" data-start=\"470\" data-end=\"492\">Station 4 \u2013 Gong<\/p>\n<\/li>\n<li class=\"\" data-start=\"493\" data-end=\"520\">\n<p class=\"\" data-start=\"495\" data-end=\"520\">Station 5 \u2013 Hlubina<\/p>\n<\/li>\n<\/ul>\n<p>If you see someone in need of medical assistance, do not hesitate to contact the medical service or the festival staff.<\/p>\n<p>&nbsp;<\/p>\n<p><strong>NEAREST PHARMACY<\/strong><\/p>\n<p>L\u00e9k\u00e1rna Karol\u00edna (Shopping Center, Level -2)<br data-start=\"71\" data-end=\"74\" \/>Jantarov\u00e1 3344\/4, 702 00 Ostrava<br data-start=\"106\" data-end=\"109\" \/>Opening Hours: Mon\u2013Sun 9:00 AM\u20139:00 PM<\/p>\n<p>&nbsp;<\/p>\n<p><strong>NEAREST EMERGENCY PHARMACY SERVICE<\/strong><\/p>\n<p class=\"\" data-start=\"201\" data-end=\"435\">Operating hours: Weekdays 5:00 PM\u20137:00 AM, Saturdays, Sundays, and public holidays: 24\/7.<br data-start=\"294\" data-end=\"297\" \/>Phone: +420 596 192 373<br data-start=\"324\" data-end=\"327\" \/>The emergency pharmacy service is located inside the hospital premises, to the right of the main entrance.<\/p>\n<p class=\"\" data-start=\"437\" data-end=\"540\">Facility: Ostrava-Fifejdy Municipal Hospital \u2013 Pharmacy<br data-start=\"502\" data-end=\"505\" \/>Nemocni\u010dn\u00ed 898\/20, 702 00 Ostrava<\/p>\n<p>&nbsp;<\/p>\n<p><strong>MENTAL HEALTH FIRST AID<\/strong><\/p>\n<p class=\"\" data-start=\"577\" data-end=\"957\">Not feeling well? Feeling anxious or afraid?<br data-start=\"621\" data-end=\"624\" \/>If any festival visitor experiences distress for any reason, they can find support on-site. A Mental Health tent, located in front of the main gate, offers a safe space for those in need. Volunteers and professionals from ADRA, o.p.s., who are trained in psychological first aid and intervention, will be available to help.<\/p>\n<p class=\"\" data-start=\"959\" data-end=\"1071\">The Mental Health Tent is open to everyone in need of emotional support, including children and teenagers.<\/p>\n<p class=\"\" data-start=\"1073\" data-end=\"1201\">A small children&#8217;s corner is also available for parents who require psychological assistance while accompanied by a child.<\/p>\n<p class=\"\" data-start=\"1203\" data-end=\"1267\">Mental Health tent emergency hotline: <strong data-start=\"1203\" data-end=\"1244\">+420 601 394 649<\/strong><\/p>\n<p>&nbsp;<\/p>\n<p><strong>NEAREST EMERGENCY MEDICAL SERVICES<\/strong><\/p>\n<ul>\n<li>Workplace of General Emergency Medical Service for Adults and Its Operating Hours: Weekdays: 17.00\u201305.00, Saturdays, Sundays, and Public Holidays: 24\/7, Ostrava Municipal Hospital Complex, Varensk\u00e1 5, Moravsk\u00e1 Ostrava.<\/li>\n<li>Workplace of General Emergency Medical Service for Children and Adolescents and Its Operating Hours: Weekdays: 15.30\u201306.30, Saturdays, Sundays, and Public Holidays: 24\/7, Pediatric Medicine Building, Ostrava Municipal Hospital, Janovsk\u00e9ho 6, Moravsk\u00e1 Ostrava.<\/li>\n<li>General Emergency Dental Medical Service and Its Operating Hours: Weekdays: 18.00\u201306.00, Saturdays, Sundays, and Public Holidays: 24\/7, Ostrava Municipal Hospital Complex, Varensk\u00e1 5, Moravsk\u00e1 Ostrava.<\/li>\n<li>Necessary Contacts: Through the switchboard of Ostrava Municipal Hospital, the Emergency Medical Service (adults, children, dental) can be contacted at +420 596 191 111, +420 731 446 690.<\/li>\n<\/ul>\n<p>&nbsp;<\/p>\n\n        <\/div>\n      <\/div>\n    <\/div>\n  <\/div>\n\n<\/article>\n          <article id=\"3353\" class=\"i-faq u-border-bottom u-border-gray-500\">\n  <div class=\"i-faq__content mx-auto\">\n    <header class=\"i-faq__header d-flex gap-2 px-2 py-3 u-posr u-cursor-pointer\">\n      <span class=\"i-faq__title d-block u-fw-900 u-fz-lg text-uppercase\">What is prohibited at the festival?<\/span>\n\n      <div class=\"i-faq__toggler ms-auto flex-shrink-0\">\n          \n  <span class=\"icon d-flex align-items-center justify-content-center --colored --black --lg\">\n          <svg xmlns=\"http:\/\/www.w3.org\/2000\/svg\" width=\"24\" height=\"24\" fill=\"none\" viewBox=\"0 0 24 24\"><path fill=\"currentColor\" d=\"M22 8 12 18 2 8l1.775-1.775L12 14.45l8.225-8.225z\"\/><\/svg>      <\/span>\n      <\/div>\n    <\/header>\n\n    <div class=\"i-faq__body d-grid\">\n      <div class=\"i-faq__body-inner overflow-hidden\">\n        <div class=\"entry-content u-fz-lg pb-3 px-2\">\n          <p>We want to ensure the most enjoyable festival experience for all visitors. To achieve this, everyone must follow the <strong>safety rules<\/strong> for their own benefit and the benefit of all other festival attendees.<\/p>\n<p><strong>Umbrellas are not allowed<\/strong> inside the festival area; only raincoats are permitted. This is for the comfort of all spectators.<\/p>\n<p>Bringing your own drinks into the festival area <strong>is not allowed.<\/strong> <strong>Free drinking water is available on-site. Visitors may bring their own PET bottle (maximum capacity of 0.5 L).<\/strong> Bringing personal beverages and food is allowed in the camping area.<\/p>\n<p>Oversized backpacks, luggage, bicycles, scooters, and other means of transportation are <strong>prohibited<\/strong> in the festival area.<br \/>\nBringing any alcoholic beverages, glass containers including bottles, cans, flammable substances (such as sprays, corrosives, explosives, dyes, or flammable liquids like perfumes over 200 ml), and any kind of weapons including scissors and impact weapons into the festival area is strictly prohibited.<\/p>\n<p>Bringing psychotropic substances, items that pose a safety risk, pyrotechnic items such as fireworks, firecrackers, flares, smoke bombs, or ignition devices, open flames, laser pointers, tape recorders, professional cameras, film cameras, and video cameras into the festival area is <strong>strictly prohibited<\/strong>.<\/p>\n<p>Bringing or leading animals into the festival area is <strong>prohibited<\/strong>, with the exception of assistance dogs for physically disabled individuals.<\/p>\n<p>Without prior agreement with the organizer, it is <strong>forbidden<\/strong> to distribute or place any promotional or advertising materials in the festival area or its immediate vicinity, including racist, offensive, vulgar, or otherwise inappropriate materials, as well as materials promoting a political party or movement or any politically oriented content. Additionally, materials promoting individuals who are not official partners of the organizer are not allowed.<\/p>\n\n        <\/div>\n      <\/div>\n    <\/div>\n  <\/div>\n\n<\/article>\n      <\/div>\n              <\/div>\n              <div class=\"s-faq__category --js-faq-category\" id=\"transport\">\n      \n        <h2 class=\"base-heading mb-0 text-uppercase  u-h1  --decorated s-faq__category-title text-center u-border-bottom u-border-gray-500\">\n            Transport &amp; Parking\n      <\/h2>\n\n                    <div class=\"g-faqs d-flex flex-column\">\n          <article id=\"12075\" class=\"i-faq u-border-bottom u-border-gray-500\">\n  <div class=\"i-faq__content mx-auto\">\n    <header class=\"i-faq__header d-flex gap-2 px-2 py-3 u-posr u-cursor-pointer\">\n      <span class=\"i-faq__title d-block u-fw-900 u-fz-lg text-uppercase\">IS IT POSSIBLE TO PARK AT THE FESTIVAL?<\/span>\n\n      <div class=\"i-faq__toggler ms-auto flex-shrink-0\">\n          \n  <span class=\"icon d-flex align-items-center justify-content-center --colored --black --lg\">\n          <svg xmlns=\"http:\/\/www.w3.org\/2000\/svg\" width=\"24\" height=\"24\" fill=\"none\" viewBox=\"0 0 24 24\"><path fill=\"currentColor\" d=\"M22 8 12 18 2 8l1.775-1.775L12 14.45l8.225-8.225z\"\/><\/svg>      <\/span>\n      <\/div>\n    <\/header>\n\n    <div class=\"i-faq__body d-grid\">\n      <div class=\"i-faq__body-inner overflow-hidden\">\n        <div class=\"entry-content u-fz-lg pb-3 px-2\">\n          <div>\n<div>Parking directly inside the festival venue is unfortunately not possible. We therefore recommend leaving your car at home and coming on foot from the city centre of Ostrava, or using public transport or shared bikes (Nextbike). The Doln\u00ed V\u00edtkovice area is easily accessible, and tram and bus connections will be reinforced during the festival.<\/div>\n<div><\/div>\n<div>An official festival parking lot is available for visitors at <b>Ji\u0159\u00edho z Pod\u011bbrad Square<\/b>, located less than 1 km from the festival venue.<\/div>\n<div><\/div>\n<div>The pre-sale of parking spaces has already started and capacity is very limited \u2014 we strongly recommend not waiting too long to purchase. Once sold out, the capacity cannot be increased. <b>Price:<\/b><\/div>\n<ul>\n<li>One-day parking: <b>500 CZK<\/b><\/li>\n<li>4-day parking: <b>1,600 CZK<\/b><\/li>\n<\/ul>\n<\/div>\n<p><span>\n  <a class=\"btn u-posr u-cursor-pointer u-border-none u-z-index-1 d-inline-flex gap-1 align-items-center justify-content-center flex-nowrap flex-shrink-0 user-select-none text-decoration-none text-uppercase --primary\" href='https:\/\/vstupenky.colours.cz\/event\/681e321e145e5646cc5486ca?useEmbed=true&amp;_gl=1*wvb0ir*_gcl_au*MTE1OTc5ODUyMS4xNzY3Njk1MzAzLjg0ODcwNjM0Ny4xNzY5NjA3OTQ4LjE3Njk2MDc5NDg.*_ga*MTkxMjMzMzk1NC4xNzU5OTE4NDk5*_ga_3N2GYXR1Z4*czE3NzI1MzA5MzckbzIyMyRnMSR0MTc3MjUzMjAzMyRqNjAkbDAkaDA.*_ga_H0VBEZWE2M*czE3NzI1MzA5MzckbzIyMyRnMSR0MTc3MjUzMjAzMyRqNjAkbDAkaDA.' target=\"_blank\">\n      <span class=\"btn__title text-center\">\n      I WANT PARKING\n    <\/span>\n  \n  <\/a>\n\n<\/span>\n<\/p>\n\n        <\/div>\n      <\/div>\n    <\/div>\n  <\/div>\n\n<\/article>\n          <article id=\"7642\" class=\"i-faq u-border-bottom u-border-gray-500\">\n  <div class=\"i-faq__content mx-auto\">\n    <header class=\"i-faq__header d-flex gap-2 px-2 py-3 u-posr u-cursor-pointer\">\n      <span class=\"i-faq__title d-block u-fw-900 u-fz-lg text-uppercase\">How does the shuttle service between the campsite and the festival grounds work?<\/span>\n\n      <div class=\"i-faq__toggler ms-auto flex-shrink-0\">\n          \n  <span class=\"icon d-flex align-items-center justify-content-center --colored --black --lg\">\n          <svg xmlns=\"http:\/\/www.w3.org\/2000\/svg\" width=\"24\" height=\"24\" fill=\"none\" viewBox=\"0 0 24 24\"><path fill=\"currentColor\" d=\"M22 8 12 18 2 8l1.775-1.775L12 14.45l8.225-8.225z\"\/><\/svg>      <\/span>\n      <\/div>\n    <\/header>\n\n    <div class=\"i-faq__body d-grid\">\n      <div class=\"i-faq__body-inner overflow-hidden\">\n        <div class=\"entry-content u-fz-lg pb-3 px-2\">\n          <p data-start=\"132\" data-end=\"522\">The shuttle service offers a comfortable ride between the campsite near Slezskoostravsk\u00fd Castle and the main festival area, running in both directions. Shuttles operate every 30 minutes, with the stop located approximately 200 metres from the main festival entrance along an accessible, step-free route.<\/p>\n<p data-start=\"524\" data-end=\"668\">This service is available to all campsite visitors and is designed to make the journey more pleasant\u2014especially for those with reduced mobility.<\/p>\n\n        <\/div>\n      <\/div>\n    <\/div>\n  <\/div>\n\n<\/article>\n          <article id=\"3348\" class=\"i-faq u-border-bottom u-border-gray-500\">\n  <div class=\"i-faq__content mx-auto\">\n    <header class=\"i-faq__header d-flex gap-2 px-2 py-3 u-posr u-cursor-pointer\">\n      <span class=\"i-faq__title d-block u-fw-900 u-fz-lg text-uppercase\">What are the transportation options to the festival?<\/span>\n\n      <div class=\"i-faq__toggler ms-auto flex-shrink-0\">\n          \n  <span class=\"icon d-flex align-items-center justify-content-center --colored --black --lg\">\n          <svg xmlns=\"http:\/\/www.w3.org\/2000\/svg\" width=\"24\" height=\"24\" fill=\"none\" viewBox=\"0 0 24 24\"><path fill=\"currentColor\" d=\"M22 8 12 18 2 8l1.775-1.775L12 14.45l8.225-8.225z\"\/><\/svg>      <\/span>\n      <\/div>\n    <\/header>\n\n    <div class=\"i-faq__body d-grid\">\n      <div class=\"i-faq__body-inner overflow-hidden\">\n        <div class=\"entry-content u-fz-lg pb-3 px-2\">\n          <p>All roads lead to Colours! It\u2019s up to you which mode of transport you choose. You can travel by:<\/p>\n<ul>\n<li><strong data-start=\"102\" data-end=\"121\">Colours Expres<\/strong>: by special Czech Railways trains from Prague on July 1\u0159th and back from Ostrava on July 19th \u2013 you can buy tickets <a href=\"https:\/\/bit.ly\/4jDFelN\">HERE<\/a>.<\/li>\n<li><strong data-start=\"190\" data-end=\"197\">Bus<\/strong>: The best option is to arrive at the <strong data-start=\"235\" data-end=\"258\">Central Bus Station<\/strong>, which is about 500 meters from the festival area<\/li>\n<li><strong data-start=\"314\" data-end=\"336\">Heimstaden Shuttle<\/strong>: Heimstaden offers convenient transport from the festival to Ostrava-Poruba, Karvin\u00e1, Orlov\u00e1, Hav\u00ed\u0159ov, and Fr\u00fddek-M\u00edstek. The online presale will be launched in May<\/li>\n<li><strong data-start=\"503\" data-end=\"510\">Car<\/strong>: Please do not drive directly to the festival area, as there is no parking available. Our official festival parking lot on N\u00e1m\u011bst\u00ed Ji\u0159\u00edho z Pod\u011bbrad is sold out. You can use the parking garage in the Forum Nov\u00e1 Karolina shopping centre. From there it is about 15 minutes walk to the festival gate.<\/li>\n<li><strong data-start=\"2\" data-end=\"13\">By bike<\/strong>: To get from the campsite to the festival or to move around Ostrava, you can use n<strong data-start=\"95\" data-end=\"107\" data-is-only-node=\"\">extbike<\/strong>. There are two nextbike stations near the festival area\u2014one at Hlubina and another near the new bridge over the Ostravice River<\/li>\n<li><strong data-start=\"241\" data-end=\"252\">By taxi<\/strong>: Official taxis with guaranteed prices will be available at the <strong data-start=\"317\" data-end=\"334\" data-is-only-node=\"\">main entrance<\/strong> next to the parking area at Hlubina and on Rusk\u00e1 Street near the VIP exit. The taxis will be clearly marked. To book a ride, call <strong data-start=\"466\" data-end=\"486\">+420 704 794 544<\/strong><\/li>\n<li><strong data-start=\"492\" data-end=\"504\">By plane<\/strong>: The nearest airport in the Czech Republic is <a href=\"https:\/\/www.airport-ostrava.cz\/en\/\">Leti\u0161t\u011b Leo\u0161e Jan\u00e1\u010dka Ostrava<\/a>. In Poland, you can fly to <strong data-start=\"611\" data-end=\"631\">Katowice Airport<\/strong> (115 km from Ostrava) or <strong data-start=\"657\" data-end=\"675\">Krakow Airport<\/strong> (155 km from Ostrava)<\/li>\n<li><strong data-start=\"703\" data-end=\"714\">On foot<\/strong>: From the <strong data-start=\"725\" data-end=\"764\" data-is-only-node=\"\">Forum Nov\u00e1 Karolina shopping center<\/strong> or the <strong data-start=\"772\" data-end=\"803\">Ostrava-st\u0159ed train station<\/strong>, it takes approximately <strong data-start=\"828\" data-end=\"842\">15 minutes<\/strong> to walk to the festival&#8217;s main entrance<\/li>\n<\/ul>\n\n        <\/div>\n      <\/div>\n    <\/div>\n  <\/div>\n\n<\/article>\n          <article id=\"3345\" class=\"i-faq u-border-bottom u-border-gray-500\">\n  <div class=\"i-faq__content mx-auto\">\n    <header class=\"i-faq__header d-flex gap-2 px-2 py-3 u-posr u-cursor-pointer\">\n      <span class=\"i-faq__title d-block u-fw-900 u-fz-lg text-uppercase\">How does public transport operate during the festival?<\/span>\n\n      <div class=\"i-faq__toggler ms-auto flex-shrink-0\">\n          \n  <span class=\"icon d-flex align-items-center justify-content-center --colored --black --lg\">\n          <svg xmlns=\"http:\/\/www.w3.org\/2000\/svg\" width=\"24\" height=\"24\" fill=\"none\" viewBox=\"0 0 24 24\"><path fill=\"currentColor\" d=\"M22 8 12 18 2 8l1.775-1.775L12 14.45l8.225-8.225z\"\/><\/svg>      <\/span>\n      <\/div>\n    <\/header>\n\n    <div class=\"i-faq__body d-grid\">\n      <div class=\"i-faq__body-inner overflow-hidden\">\n        <div class=\"entry-content u-fz-lg pb-3 px-2\">\n          <p>The festival site in Doln\u00ed V\u00edtkovice is close to the city center, so we recommend using public transport, the connections of which will be strengthened during the festival, or shared bikes from nextbike.<\/p>\n<p><strong>Dopravn\u00ed podnik Ostrava<\/strong> offers a discounted <strong>festival ticket<\/strong>.<\/p>\n<p class=\"p1\"><strong>Heimstaden<\/strong> will once again operate buses as part of the \u201cVezeme v\u00e1s dom\u016f \/ We\u2019ll Take You Home\u201d project. The buses will comfortably take you from the festival to Ostrava-Poruba, Karvin\u00e1, Orlov\u00e1, Hav\u00ed\u0159ov and Fr\u00fddek-M\u00edstek. The proceeds support the \u201cS n\u00e1mi dom\u016f \/ Home With Us\u201d initiative, which helps young people leaving children\u2019s homes, halfway houses or foster care. Updated information about ticket prices will be added soon. Tickets will be available for purchase online as well as at the stand located by the festival\u2019s main gate.<b><\/b><\/p>\n<p><strong>On a nextbike shared bike<\/strong> you will be in the center of Ostrava or at the campsite in just a few minutes. If you are not yet using the nextbike application, you can get a voucher worth 100 CZK for registration. You can use the credit for paid rides or to purchase a subscription.<\/p>\n<p><span>\n  <a class=\"btn u-posr u-cursor-pointer u-border-none u-z-index-1 d-inline-flex gap-1 align-items-center justify-content-center flex-nowrap flex-shrink-0 user-select-none text-decoration-none text-uppercase --primary\" href='https:\/\/www.nextbikeczech.com\/jedu100-stahnete-si-aplikaci-nextbike-%f0%9f%93%b2\/' target=\"_blank\">\n      <span class=\"btn__title text-center\">\n      How to get nextbike credit\n    <\/span>\n  \n  <\/a>\n\n<\/span>\n<\/p>\n\n        <\/div>\n      <\/div>\n    <\/div>\n  <\/div>\n\n<\/article>\n      <\/div>\n              <\/div>\n              <div class=\"s-faq__category --js-faq-category\" id=\"meltingpot-en\">\n      \n        <h2 class=\"base-heading mb-0 text-uppercase  u-h1  --decorated s-faq__category-title text-center u-border-bottom u-border-gray-500\">\n            Meltingpot\n      <\/h2>\n\n                    <div class=\"g-faqs d-flex flex-column\">\n          <article id=\"12455\" class=\"i-faq u-border-bottom u-border-gray-500\">\n  <div class=\"i-faq__content mx-auto\">\n    <header class=\"i-faq__header d-flex gap-2 px-2 py-3 u-posr u-cursor-pointer\">\n      <span class=\"i-faq__title d-block u-fw-900 u-fz-lg text-uppercase\">Is the Priority Pass price valid for the whole festival or just one day?<\/span>\n\n      <div class=\"i-faq__toggler ms-auto flex-shrink-0\">\n          \n  <span class=\"icon d-flex align-items-center justify-content-center --colored --black --lg\">\n          <svg xmlns=\"http:\/\/www.w3.org\/2000\/svg\" width=\"24\" height=\"24\" fill=\"none\" viewBox=\"0 0 24 24\"><path fill=\"currentColor\" d=\"M22 8 12 18 2 8l1.775-1.775L12 14.45l8.225-8.225z\"\/><\/svg>      <\/span>\n      <\/div>\n    <\/header>\n\n    <div class=\"i-faq__body d-grid\">\n      <div class=\"i-faq__body-inner overflow-hidden\">\n        <div class=\"entry-content u-fz-lg pb-3 px-2\">\n          <p class=\"p1\">The Priority Pass price is valid <span class=\"s1\"><b>for the entire festival<\/b><\/span>. It is not a one-day pass.<\/p>\n\n        <\/div>\n      <\/div>\n    <\/div>\n  <\/div>\n\n<\/article>\n          <article id=\"12078\" class=\"i-faq u-border-bottom u-border-gray-500\">\n  <div class=\"i-faq__content mx-auto\">\n    <header class=\"i-faq__header d-flex gap-2 px-2 py-3 u-posr u-cursor-pointer\">\n      <span class=\"i-faq__title d-block u-fw-900 u-fz-lg text-uppercase\">I purchased a Meltingpot Priority Pass during the festival. What should I do?<\/span>\n\n      <div class=\"i-faq__toggler ms-auto flex-shrink-0\">\n          \n  <span class=\"icon d-flex align-items-center justify-content-center --colored --black --lg\">\n          <svg xmlns=\"http:\/\/www.w3.org\/2000\/svg\" width=\"24\" height=\"24\" fill=\"none\" viewBox=\"0 0 24 24\"><path fill=\"currentColor\" d=\"M22 8 12 18 2 8l1.775-1.775L12 14.45l8.225-8.225z\"\/><\/svg>      <\/span>\n      <\/div>\n    <\/header>\n\n    <div class=\"i-faq__body d-grid\">\n      <div class=\"i-faq__body-inner overflow-hidden\">\n        <div class=\"entry-content u-fz-lg pb-3 px-2\">\n          <p class=\"p1\">If you purchase a Meltingpot Priority Pass during the festival, you need to visit the Accreditation desk, where your festival wristband will be exchanged. Without this exchange, it is not possible to use the Priority Pass benefits.<\/p>\n<p><span>\n  <a class=\"btn u-posr u-cursor-pointer u-border-none u-z-index-1 d-inline-flex gap-1 align-items-center justify-content-center flex-nowrap flex-shrink-0 user-select-none text-decoration-none text-uppercase --primary\" href='https:\/\/vstupenky.colours.cz\/event\/681e321e145e5646cc5486ca?useEmbed=true&amp;_gl=1*1k4pn2y*_gcl_au*MTE1OTc5ODUyMS4xNzY3Njk1MzAzLjg0ODcwNjM0Ny4xNzY5NjA3OTQ4LjE3Njk2MDc5NDg.*_ga*MTkxMjMzMzk1NC4xNzU5OTE4NDk5*_ga_3N2GYXR1Z4*czE3NzI1MzA5MzckbzIyMyRnMSR0MTc3MjUzMjc1MiRqMjQkbDAkaDA.*_ga_H0VBEZWE2M*czE3NzI1MzA5MzckbzIyMyRnMSR0MTc3MjUzMjc1MiRqMjQkbDAkaDA.' target=\"_blank\">\n      <span class=\"btn__title text-center\">\n      I WANT PRIORITY PASS\n    <\/span>\n  \n  <\/a>\n\n<\/span>\n<\/p>\n\n        <\/div>\n      <\/div>\n    <\/div>\n  <\/div>\n\n<\/article>\n          <article id=\"10623\" class=\"i-faq u-border-bottom u-border-gray-500\">\n  <div class=\"i-faq__content mx-auto\">\n    <header class=\"i-faq__header d-flex gap-2 px-2 py-3 u-posr u-cursor-pointer\">\n      <span class=\"i-faq__title d-block u-fw-900 u-fz-lg text-uppercase\">Will talks in foreign languages be interpreted into Czech?<\/span>\n\n      <div class=\"i-faq__toggler ms-auto flex-shrink-0\">\n          \n  <span class=\"icon d-flex align-items-center justify-content-center --colored --black --lg\">\n          <svg xmlns=\"http:\/\/www.w3.org\/2000\/svg\" width=\"24\" height=\"24\" fill=\"none\" viewBox=\"0 0 24 24\"><path fill=\"currentColor\" d=\"M22 8 12 18 2 8l1.775-1.775L12 14.45l8.225-8.225z\"\/><\/svg>      <\/span>\n      <\/div>\n    <\/header>\n\n    <div class=\"i-faq__body d-grid\">\n      <div class=\"i-faq__body-inner overflow-hidden\">\n        <div class=\"entry-content u-fz-lg pb-3 px-2\">\n          <p class=\"p1\">Yes, the talks will be interpreted into Czech. For selected stages, we are also currently discussing the possibility of using AI-generated subtitles.<\/p>\n\n        <\/div>\n      <\/div>\n    <\/div>\n  <\/div>\n\n<\/article>\n          <article id=\"10624\" class=\"i-faq u-border-bottom u-border-gray-500\">\n  <div class=\"i-faq__content mx-auto\">\n    <header class=\"i-faq__header d-flex gap-2 px-2 py-3 u-posr u-cursor-pointer\">\n      <span class=\"i-faq__title d-block u-fw-900 u-fz-lg text-uppercase\">Will the talks be interpreted into sign language?<\/span>\n\n      <div class=\"i-faq__toggler ms-auto flex-shrink-0\">\n          \n  <span class=\"icon d-flex align-items-center justify-content-center --colored --black --lg\">\n          <svg xmlns=\"http:\/\/www.w3.org\/2000\/svg\" width=\"24\" height=\"24\" fill=\"none\" viewBox=\"0 0 24 24\"><path fill=\"currentColor\" d=\"M22 8 12 18 2 8l1.775-1.775L12 14.45l8.225-8.225z\"\/><\/svg>      <\/span>\n      <\/div>\n    <\/header>\n\n    <div class=\"i-faq__body d-grid\">\n      <div class=\"i-faq__body-inner overflow-hidden\">\n        <div class=\"entry-content u-fz-lg pb-3 px-2\">\n          <p class=\"p1\">Yes, <span class=\"s1\">20 selected talks will be interpreted into sign language<\/span>. Further details will be updated on an ongoing basis.<\/p>\n\n        <\/div>\n      <\/div>\n    <\/div>\n  <\/div>\n\n<\/article>\n          <article id=\"10626\" class=\"i-faq u-border-bottom u-border-gray-500\">\n  <div class=\"i-faq__content mx-auto\">\n    <header class=\"i-faq__header d-flex gap-2 px-2 py-3 u-posr u-cursor-pointer\">\n      <span class=\"i-faq__title d-block u-fw-900 u-fz-lg text-uppercase\">Is the capacity of the Meltingpot stages limited?<\/span>\n\n      <div class=\"i-faq__toggler ms-auto flex-shrink-0\">\n          \n  <span class=\"icon d-flex align-items-center justify-content-center --colored --black --lg\">\n          <svg xmlns=\"http:\/\/www.w3.org\/2000\/svg\" width=\"24\" height=\"24\" fill=\"none\" viewBox=\"0 0 24 24\"><path fill=\"currentColor\" d=\"M22 8 12 18 2 8l1.775-1.775L12 14.45l8.225-8.225z\"\/><\/svg>      <\/span>\n      <\/div>\n    <\/header>\n\n    <div class=\"i-faq__body d-grid\">\n      <div class=\"i-faq__body-inner overflow-hidden\">\n        <div class=\"entry-content u-fz-lg pb-3 px-2\">\n          <p class=\"p1\">Yes. The individual Meltingpot forum stages have limited capacity, and entry is possible until the venue reaches its maximum capacity.<\/p>\n\n        <\/div>\n      <\/div>\n    <\/div>\n  <\/div>\n\n<\/article>\n          <article id=\"10627\" class=\"i-faq u-border-bottom u-border-gray-500\">\n  <div class=\"i-faq__content mx-auto\">\n    <header class=\"i-faq__header d-flex gap-2 px-2 py-3 u-posr u-cursor-pointer\">\n      <span class=\"i-faq__title d-block u-fw-900 u-fz-lg text-uppercase\">What is the Meltingpot Priority Pass?<\/span>\n\n      <div class=\"i-faq__toggler ms-auto flex-shrink-0\">\n          \n  <span class=\"icon d-flex align-items-center justify-content-center --colored --black --lg\">\n          <svg xmlns=\"http:\/\/www.w3.org\/2000\/svg\" width=\"24\" height=\"24\" fill=\"none\" viewBox=\"0 0 24 24\"><path fill=\"currentColor\" d=\"M22 8 12 18 2 8l1.775-1.775L12 14.45l8.225-8.225z\"\/><\/svg>      <\/span>\n      <\/div>\n    <\/header>\n\n    <div class=\"i-faq__body d-grid\">\n      <div class=\"i-faq__body-inner overflow-hidden\">\n        <div class=\"entry-content u-fz-lg pb-3 px-2\">\n          <p class=\"p1\">The Meltingpot Priority Pass is an optional upgrade to the festival ticket for visitors for whom the Meltingpot Forum programme is a key part of the festival. It offers priority access to discussion stages and additional related benefits.<\/p>\n<p><span>\n  <a class=\"btn u-posr u-cursor-pointer u-border-none u-z-index-1 d-inline-flex gap-1 align-items-center justify-content-center flex-nowrap flex-shrink-0 user-select-none text-decoration-none text-uppercase --primary\" href='https:\/\/www.colours.cz\/en\/novinky\/hear-ye-hear-ye-were-launching-the-sale-of-the-meltingpot-priority-pass\/' target=\"_blank\">\n      <span class=\"btn__title text-center\">\n      MORE ABOUT PRIORITY PASS\n    <\/span>\n  \n  <\/a>\n\n<\/span>\n<\/p>\n\n        <\/div>\n      <\/div>\n    <\/div>\n  <\/div>\n\n<\/article>\n      <\/div>\n              <\/div>\n              <div class=\"s-faq__category --js-faq-category\" id=\"merch-en\">\n      \n        <h2 class=\"base-heading mb-0 text-uppercase  u-h1  --decorated s-faq__category-title text-center u-border-bottom u-border-gray-500\">\n            Merch\n      <\/h2>\n\n                    <div class=\"g-faqs d-flex flex-column\">\n          <article id=\"13343\" class=\"i-faq u-border-bottom u-border-gray-500\">\n  <div class=\"i-faq__content mx-auto\">\n    <header class=\"i-faq__header d-flex gap-2 px-2 py-3 u-posr u-cursor-pointer\">\n      <span class=\"i-faq__title d-block u-fw-900 u-fz-lg text-uppercase\">When will the line-up t-shirts be shipped?<\/span>\n\n      <div class=\"i-faq__toggler ms-auto flex-shrink-0\">\n          \n  <span class=\"icon d-flex align-items-center justify-content-center --colored --black --lg\">\n          <svg xmlns=\"http:\/\/www.w3.org\/2000\/svg\" width=\"24\" height=\"24\" fill=\"none\" viewBox=\"0 0 24 24\"><path fill=\"currentColor\" d=\"M22 8 12 18 2 8l1.775-1.775L12 14.45l8.225-8.225z\"\/><\/svg>      <\/span>\n      <\/div>\n    <\/header>\n\n    <div class=\"i-faq__body d-grid\">\n      <div class=\"i-faq__body-inner overflow-hidden\">\n        <div class=\"entry-content u-fz-lg pb-3 px-2\">\n          <p class=\"p1\">Orders will be shipped starting from April 27, 2026.<\/p>\n<p class=\"p1\">You can also pick up your t-shirt in person at the festival.<\/p>\n\n        <\/div>\n      <\/div>\n    <\/div>\n  <\/div>\n\n<\/article>\n      <\/div>\n              <\/div>\n      \n  <div class=\"s-faq__empty-alert text-center u-fz-lg u-fw-600 py-3 --hidden --js-empty-category\">\n    Je n\u00e1m l\u00edto, ale ve zvolen\u00e9 kategorii nejsou dostupn\u00e9 \u017e\u00e1dn\u00e9 dotazy.\n  <\/div>\n<\/div>\n\n\n  \n      <\/div>\n<\/section>\n","protected":false},"excerpt":{"rendered":"","protected":false},"author":4,"featured_media":0,"parent":0,"menu_order":0,"comment_status":"closed","ping_status":"closed","template":"","meta":{"footnotes":""},"class_list":["post-1374","page","type-page","status-publish","hentry"],"yoast_head":"<!-- This site is optimized with the Yoast SEO plugin v25.3.1 - https:\/\/yoast.com\/wordpress\/plugins\/seo\/ -->\n<title>Faq - Colours of Ostrava<\/title>\n<meta name=\"robots\" content=\"index, follow, max-snippet:-1, max-image-preview:large, max-video-preview:-1\" \/>\n<link rel=\"canonical\" href=\"https:\/\/www.colours.cz\/en\/faq-en\/\" \/>\n<meta property=\"og:locale\" content=\"en_US\" \/>\n<meta property=\"og:type\" content=\"article\" \/>\n<meta property=\"og:title\" content=\"Faq - Colours of Ostrava\" \/>\n<meta property=\"og:url\" content=\"https:\/\/www.colours.cz\/en\/faq-en\/\" \/>\n<meta property=\"og:site_name\" content=\"Colours of Ostrava\" \/>\n<meta property=\"article:modified_time\" content=\"2025-04-02T10:56:18+00:00\" \/>\n<meta name=\"twitter:card\" content=\"summary_large_image\" \/>\n<!-- \/ Yoast SEO plugin. -->","yoast_head_json":{"title":"Faq - Colours of Ostrava","robots":{"index":"index","follow":"follow","max-snippet":"max-snippet:-1","max-image-preview":"max-image-preview:large","max-video-preview":"max-video-preview:-1"},"canonical":"https:\/\/www.colours.cz\/en\/faq-en\/","og_locale":"en_US","og_type":"article","og_title":"Faq - Colours of Ostrava","og_url":"https:\/\/www.colours.cz\/en\/faq-en\/","og_site_name":"Colours of Ostrava","article_modified_time":"2025-04-02T10:56:18+00:00","twitter_card":"summary_large_image","schema":{"@context":"https:\/\/schema.org","@graph":[{"@type":"WebPage","@id":"https:\/\/www.colours.cz\/en\/faq-en\/","url":"https:\/\/www.colours.cz\/en\/faq-en\/","name":"Faq - Colours of Ostrava","isPartOf":{"@id":"https:\/\/www.colours.cz\/en\/#website"},"datePublished":"2025-02-10T13:45:07+00:00","dateModified":"2025-04-02T10:56:18+00:00","breadcrumb":{"@id":"https:\/\/www.colours.cz\/en\/faq-en\/#breadcrumb"},"inLanguage":"en-US","potentialAction":[{"@type":"ReadAction","target":["https:\/\/www.colours.cz\/en\/faq-en\/"]}]},{"@type":"BreadcrumbList","@id":"https:\/\/www.colours.cz\/en\/faq-en\/#breadcrumb","itemListElement":[{"@type":"ListItem","position":1,"name":"Dom\u016f","item":"https:\/\/www.colours.cz\/en\/"},{"@type":"ListItem","position":2,"name":"Faq"}]},{"@type":"WebSite","@id":"https:\/\/www.colours.cz\/en\/#website","url":"https:\/\/www.colours.cz\/en\/","name":"Colours of Ostrava","description":"","potentialAction":[{"@type":"SearchAction","target":{"@type":"EntryPoint","urlTemplate":"https:\/\/www.colours.cz\/en\/?s={search_term_string}"},"query-input":{"@type":"PropertyValueSpecification","valueRequired":true,"valueName":"search_term_string"}}],"inLanguage":"en-US"}]}},"_links":{"self":[{"href":"https:\/\/www.colours.cz\/en\/wp-json\/wp\/v2\/pages\/1374","targetHints":{"allow":["GET"]}}],"collection":[{"href":"https:\/\/www.colours.cz\/en\/wp-json\/wp\/v2\/pages"}],"about":[{"href":"https:\/\/www.colours.cz\/en\/wp-json\/wp\/v2\/types\/page"}],"author":[{"embeddable":true,"href":"https:\/\/www.colours.cz\/en\/wp-json\/wp\/v2\/users\/4"}],"replies":[{"embeddable":true,"href":"https:\/\/www.colours.cz\/en\/wp-json\/wp\/v2\/comments?post=1374"}],"version-history":[{"count":1,"href":"https:\/\/www.colours.cz\/en\/wp-json\/wp\/v2\/pages\/1374\/revisions"}],"predecessor-version":[{"id":3637,"href":"https:\/\/www.colours.cz\/en\/wp-json\/wp\/v2\/pages\/1374\/revisions\/3637"}],"wp:attachment":[{"href":"https:\/\/www.colours.cz\/en\/wp-json\/wp\/v2\/media?parent=1374"}],"curies":[{"name":"wp","href":"https:\/\/api.w.org\/{rel}","templated":true}]}}